{"id":298,"date":"2021-03-02T18:17:21","date_gmt":"2021-03-02T17:17:21","guid":{"rendered":"https:\/\/ladunedupilat.com\/?page_id=298"},"modified":"2023-11-10T15:09:45","modified_gmt":"2023-11-10T14:09:45","slug":"reconstruccion-duna","status":"publish","type":"page","link":"https:\/\/ladunedupilat.com\/es\/je-decouvre\/reconstitution-dune\/","title":{"rendered":"<strong>La formaci\u00f3n<\/strong> de la duna"},"content":{"rendered":"<h2 class=\"wp-block-heading\"><strong>Una historia<\/strong> 4000 a\u00f1os<\/h2>\n\n\n\n<h3 class=\"wp-block-heading\">Pero, \u00bfc\u00f3mo surgi\u00f3 la duna de Pilat?<\/h3>\n\n\n\n<figure class=\"wp-block-embed is-type-video is-provider-youtube wp-block-embed-youtube wp-embed-aspect-16-9 wp-has-aspect-ratio\"><div class=\"wp-block-embed__wrapper\">\n<iframe loading=\"lazy\" title=\"La historia y la formaci\u00f3n de los paisajes del Gran Sitio\" width=\"580\" height=\"326\" src=\"https:\/\/www.youtube.com\/embed\/DM1rYSYfoDc?feature=oembed\" frameborder=\"0\" allow=\"accelerometer; autoplay; clipboard-write; encrypted-media; gyroscope; picture-in-picture; web-share\" referrerpolicy=\"strict-origin-when-cross-origin\" allowfullscreen><\/iframe>\n<\/div><\/figure>\n\n\n\n<section class=\"wp-block-uagb-columns uagb-columns__wrap uagb-columns__stack-mobile uagb-columns__valign- uagb-columns__gap-0 align uagb-block-da8504f2 uagb-columns__columns-2 uagb-columns__max_width-custom\"><div class=\"uagb-columns__overlay\"><\/div><div class=\"uagb-columns__inner-wrap uagb-columns__columns-2\">\n<div class=\"wp-block-uagb-column uagb-column__wrap uagb-column__background-undefined uagb-block-a151377a\"><div class=\"uagb-column__overlay\"><\/div>\n<p><strong>La acumulaci\u00f3n de arena se ha producido de forma discontinua en el tiempo, en 5 fases durante los \u00faltimos 4000 a\u00f1os.<\/strong><\/p>\n\n\n\n<p>Los per\u00edodos caracterizados por un clima fr\u00edo, seco y ventoso provocaron que la arena se moviera y acumulara. Se alternaron con per\u00edodos m\u00e1s c\u00e1lidos y h\u00famedos, favorables al desarrollo de la vegetaci\u00f3n.<\/p>\n<\/div>\n\n\n\n<div class=\"wp-block-uagb-column uagb-column__wrap uagb-column__background-undefined uagb-block-a2a12b4c\"><div class=\"uagb-column__overlay\"><\/div>\n<p>Los restos de vegetaci\u00f3n son visibles desde la playa en lo alto de la duna, en forma de l\u00edneas negruzcas que discurren por el lado occidental de la duna. <\/p>\n\n\n\n<p>Hablamos de <strong>paleosuelos<\/strong>. De hecho, es materia org\u00e1nica (troncos de \u00e1rboles, pi\u00f1as\u2026) fosilizada, comprimida por la arena. All\u00ed se pueden encontrar restos arqueol\u00f3gicos.<\/p>\n<\/div>\n<\/div><\/section>\n\n\n\n<div style=\"height:58px\" aria-hidden=\"true\" class=\"wp-block-spacer\"><\/div>\n\n\n\n<div class=\"wp-block-getwid-content-timeline is-animated\" data-animation=\"slideInBottom\" data-filling=\"true\"><div class=\"wp-block-getwid-content-timeline__line\"><div class=\"wp-block-getwid-content-timeline__bar has-background has-bordeaux-background-color\"><\/div><\/div><div class=\"wp-block-getwid-content-timeline__wrapper\">\n<div class=\"wp-block-getwid-content-timeline-item has-card-right\"><div class=\"wp-block-getwid-content-timeline-item__wrapper\"><div class=\"wp-block-getwid-content-timeline-item__card\"><div class=\"wp-block-getwid-content-timeline-item__card-wrapper\"><div class=\"wp-block-getwid-content-timeline-item__image-wrapper\"><img loading=\"lazy\" decoding=\"async\" width=\"1024\" height=\"683\" class=\"wp-block-getwid-content-timeline-item__image wp-image-1489\" src=\"https:\/\/ladunedupilat.com\/wp-content\/uploads\/2021\/05\/IMG_4432-scaled-e1621406896136.jpg\" alt=\"-\"><\/div><div class=\"wp-block-getwid-content-timeline-item__content-wrapper\" style=\"padding-top:0px\"><div class=\"wp-block-getwid-content-timeline-item__mobile-meta\"><p class=\"wp-block-getwid-content-timeline-item__meta-content\"><strong>Entre -8000 y -4000 a.C.<\/strong><\/p><\/div>\n<p class=\"tw-mt-2\" style=\"font-size:15px\"><em>-4000 a\u00f1os de pi\u00f1a fosilizada<\/em><\/p>\n\n\n\n<p class=\"undefined uag-hide-desktop uag-hide-tab uag-hide-desktop uag-hide-tab\"><strong>Entre -8000 y -4000 a.C.<\/strong><\/p>\n\n\n\n<p>La meseta de las Landas se extiende hasta la ubicaci\u00f3n actual de la duna de Pilat. Esta zona pantanosa y sin rasgos distintivos se cubri\u00f3 luego principalmente de pinos escoceses, pinos mar\u00edtimos, avellanas, abedules, alisos y robles. La presencia de estas especies de plantas atestigua un clima fr\u00edo.<\/p>\n\n\n\n<p>Muchas cepas y restos vegetales de esta lejana \u00e9poca a\u00fan son visibles y constituyen el <strong>paleosuelo 1<\/strong>, que aflora particularmente bien en el lado de la playa de Corniche. Est\u00e1 basado en <strong>alios<\/strong> (capa negra y compacta, resultado de la cementaci\u00f3n natural de arena, \u00f3xido de hierro y materia org\u00e1nica).<\/p>\n<\/div><\/div><\/div><div class=\"wp-block-getwid-content-timeline-item__point\" data-point-color=\"#691D17\"><div class=\"wp-block-getwid-content-timeline-item__point-content\"><\/div><\/div><div class=\"wp-block-getwid-content-timeline-item__meta\"><p class=\"wp-block-getwid-content-timeline-item__meta-content\"><strong>Entre -8000 y -4000 a.C.<\/strong><\/p><\/div><\/div><\/div>\n\n\n\n<div class=\"wp-block-getwid-content-timeline-item has-card-left\"><div class=\"wp-block-getwid-content-timeline-item__wrapper\"><div class=\"wp-block-getwid-content-timeline-item__card\"><div class=\"wp-block-getwid-content-timeline-item__card-wrapper\"><div class=\"wp-block-getwid-content-timeline-item__image-wrapper\"><img loading=\"lazy\" decoding=\"async\" width=\"2560\" height=\"1551\" class=\"wp-block-getwid-content-timeline-item__image wp-image-1492\" src=\"https:\/\/ladunedupilat.com\/wp-content\/uploads\/2021\/05\/IMG_6384-scaled.jpg\" alt=\"-\" srcset=\"https:\/\/ladunedupilat.com\/wp-content\/uploads\/2021\/05\/IMG_6384-scaled.jpg 2560w, https:\/\/ladunedupilat.com\/wp-content\/uploads\/2021\/05\/IMG_6384-300x182.jpg 300w, https:\/\/ladunedupilat.com\/wp-content\/uploads\/2021\/05\/IMG_6384-1024x621.jpg 1024w, https:\/\/ladunedupilat.com\/wp-content\/uploads\/2021\/05\/IMG_6384-768x465.jpg 768w, https:\/\/ladunedupilat.com\/wp-content\/uploads\/2021\/05\/IMG_6384-1536x931.jpg 1536w, https:\/\/ladunedupilat.com\/wp-content\/uploads\/2021\/05\/IMG_6384-2048x1241.jpg 2048w, https:\/\/ladunedupilat.com\/wp-content\/uploads\/2021\/05\/IMG_6384-16x10.jpg 16w, https:\/\/ladunedupilat.com\/wp-content\/uploads\/2021\/05\/IMG_6384-1200x727.jpg 1200w, https:\/\/ladunedupilat.com\/wp-content\/uploads\/2021\/05\/IMG_6384-1980x1200.jpg 1980w\" sizes=\"auto, (max-width: 2560px) 100vw, 2560px\" \/><\/div><div class=\"wp-block-getwid-content-timeline-item__content-wrapper\" style=\"padding-top:0px\"><div class=\"wp-block-getwid-content-timeline-item__mobile-meta\"><p class=\"wp-block-getwid-content-timeline-item__meta-content\"><strong><strong>Alrededor de -4000 a. C.<\/strong><\/strong><\/p><\/div>\n<p class=\"tw-mt-2\" style=\"font-size:15px;line-height:1.4\"><em>Dep\u00f3sito de esqueletos de diatomeas observables por encima del paleosuelo 2<\/em><\/p>\n\n\n\n<p class=\"undefined uag-hide-desktop uag-hide-tab uag-hide-desktop uag-hide-tab\"><strong>Alrededor de -4000 a. C.<\/strong><\/p>\n\n\n\n<p>El clima se vuelve m\u00e1s seco, las primeras arenas costeras arrastradas por los vientos del oeste cubren el bosque y forman las primeras dunas. Al final de este per\u00edodo, <strong>entre -2000 y -500 a\u00f1os<\/strong>, una nueva vegetaci\u00f3n similar a la anterior, coloniza este territorio, formando hoy el <strong>paleosuelo 2<\/strong> (ubicado entre 2 y 5m sobre la playa). Al pie de las dunas se forma un estanque de agua dulce, cuyos restos aparecen hoy en forma de finas rayas de color gris claro. Estos son esqueletos de diatomeas (microalgas).<\/p>\n\n\n\n<p>Los yacimientos arqueol\u00f3gicos (que datan del 900 al 600 aC) atestiguan la presencia del hombre de esta \u00e9poca y la proximidad de la costa. Los arque\u00f3logos incluso han encontrado un sitio de extracci\u00f3n de sal.<\/p>\n<\/div><\/div><\/div><div class=\"wp-block-getwid-content-timeline-item__point\" data-point-color=\"#691D17\"><div class=\"wp-block-getwid-content-timeline-item__point-content\"><\/div><\/div><div class=\"wp-block-getwid-content-timeline-item__meta\"><p class=\"wp-block-getwid-content-timeline-item__meta-content\"><strong><strong>Alrededor de -4000 a. C.<\/strong><\/strong><\/p><\/div><\/div><\/div>\n\n\n\n<div class=\"wp-block-getwid-content-timeline-item has-card-right\"><div class=\"wp-block-getwid-content-timeline-item__wrapper\"><div class=\"wp-block-getwid-content-timeline-item__card\"><div class=\"wp-block-getwid-content-timeline-item__card-wrapper\"><div class=\"wp-block-getwid-content-timeline-item__image-wrapper\"><img loading=\"lazy\" decoding=\"async\" width=\"1024\" height=\"683\" class=\"wp-block-getwid-content-timeline-item__image wp-image-1493\" src=\"https:\/\/ladunedupilat.com\/wp-content\/uploads\/2021\/05\/IMG_6993-scaled-e1621407554191.jpg\" alt=\"-\"><\/div><div class=\"wp-block-getwid-content-timeline-item__content-wrapper\" style=\"padding-top:0px\"><div class=\"wp-block-getwid-content-timeline-item__mobile-meta\"><p class=\"wp-block-getwid-content-timeline-item__meta-content\"><strong>Alrededor de -1000 a. C.<\/strong><\/p><\/div>\n<p class=\"tw-mt-2\" style=\"font-size:15px;line-height:1.4\"><em>Acumulaci\u00f3n de conchas en el paleosuelo 3 que atestigua un importante consumo de moluscos por parte de los habitantes.<\/em><\/p>\n\n\n\n<p class=\"undefined uag-hide-desktop uag-hide-tab uag-hide-desktop uag-hide-tab\"><strong>Alrededor de -1000 a. C.<\/strong><\/p>\n\n\n\n<p>La marisma desaparece, enterrada bajo nuevas dunas que miden entre 20 y 40 m de altura. Al final de la Edad Media, el clima se suaviza y se vuelve m\u00e1s h\u00famedo, la vegetaci\u00f3n luego se desarrolla nuevamente. Este nivel corresponde a <strong>paleosuelo 3<\/strong>, que data del siglo XVI. Este suelo de s\u00f3lo unos cent\u00edmetros de espesor se ondula hasta la mitad de la cara oeste de la actual Dune du Pilat.<\/p>\n\n\n\n<p>Este paleosuelo se conoce como \u201csuelo de desechos de cocina\u201d caracterizado por grupos de conchas de ostra planas, berberechos, almejas, almejas, vieiras y vieiras. Tambi\u00e9n se han encontrado monedas y cer\u00e1micas de los siglos XVI-XVII. Estos restos dan testimonio de una prolongada fase de estabilidad.<\/p>\n<\/div><\/div><\/div><div class=\"wp-block-getwid-content-timeline-item__point\" data-point-color=\"#691D17\"><div class=\"wp-block-getwid-content-timeline-item__point-content\"><\/div><\/div><div class=\"wp-block-getwid-content-timeline-item__meta\"><p class=\"wp-block-getwid-content-timeline-item__meta-content\"><strong>Alrededor de -1000 a. C.<\/strong><\/p><\/div><\/div><\/div>\n\n\n\n<div class=\"wp-block-getwid-content-timeline-item has-card-left\"><div class=\"wp-block-getwid-content-timeline-item__wrapper\"><div class=\"wp-block-getwid-content-timeline-item__card\"><div class=\"wp-block-getwid-content-timeline-item__card-wrapper\"><div class=\"wp-block-getwid-content-timeline-item__image-wrapper\"><img loading=\"lazy\" decoding=\"async\" width=\"1024\" height=\"682\" class=\"wp-block-getwid-content-timeline-item__image wp-image-1498\" src=\"https:\/\/ladunedupilat.com\/wp-content\/uploads\/2021\/05\/gemmage.jpg\" alt=\"-\" srcset=\"https:\/\/ladunedupilat.com\/wp-content\/uploads\/2021\/05\/gemmage.jpg 1024w, https:\/\/ladunedupilat.com\/wp-content\/uploads\/2021\/05\/gemmage-300x200.jpg 300w, https:\/\/ladunedupilat.com\/wp-content\/uploads\/2021\/05\/gemmage-768x512.jpg 768w, https:\/\/ladunedupilat.com\/wp-content\/uploads\/2021\/05\/gemmage-16x12.jpg 16w\" sizes=\"auto, (max-width: 1024px) 100vw, 1024px\" \/><\/div><div class=\"wp-block-getwid-content-timeline-item__content-wrapper\" style=\"padding-top:0px\"><div class=\"wp-block-getwid-content-timeline-item__mobile-meta\"><p class=\"wp-block-getwid-content-timeline-item__meta-content\"><strong>Desde 1500 d.C.<\/strong><\/p><\/div>\n<p class=\"tw-mt-2\" style=\"font-size:15px;line-height:1.4\"><em>Fragmentos de vasijas de resina que atestiguan la actividad de fabricaci\u00f3n de gemas en curso en el siglo XIX.<\/em><\/p>\n\n\n\n<p class=\"undefined uag-hide-desktop uag-hide-tab uag-hide-desktop uag-hide-tab\"><strong>Desde 1500 d.C.<\/strong><\/p>\n\n\n\n<p>El clima esta cambiando. Los vientos fuertes crear\u00e1n una nueva serie de dunas, diga &quot;<strong>dunas modernas<\/strong>\u201d. Estos \u00faltimos entierran las antiguas dunas, pero tambi\u00e9n pueblos y culturas, bajo 50 a 60 m de arena. Llamamos a esta nueva duna que alcanza los 100 m de altura: la <strong>duna de la Grave<\/strong>.<\/p>\n\n\n\n<p>Para limitar el avance de las dunas costeras, se est\u00e1 llevando a cabo una campa\u00f1a de siembra de pino mar\u00edtimo en todo el territorio landes.<br>A continuaci\u00f3n, los hombres arreglaron las dunas sembrando pinos mar\u00edtimos en aplicaci\u00f3n de un decreto consular de 1801. Este trabajo fue supervisado por <strong>Nicolas Bremontier<\/strong>, Ingeniero de Ponts et Chauss\u00e9es. As\u00ed se sembr\u00f3 la duna de la Grave durante el siglo XIX.<br>La <strong>paleosuelo 4<\/strong>, la m\u00e1s alta, de principios del siglo XIX, corresponde a su superficie. All\u00ed se extiende un pinar cultivado en esta \u00e9poca. All\u00ed se encontraron muchas macetas utilizadas para recolectar resina.<\/p>\n<\/div><\/div><\/div><div class=\"wp-block-getwid-content-timeline-item__point\" data-point-color=\"#691D17\"><div class=\"wp-block-getwid-content-timeline-item__point-content\"><\/div><\/div><div class=\"wp-block-getwid-content-timeline-item__meta\"><p class=\"wp-block-getwid-content-timeline-item__meta-content\"><strong>Desde 1500 d.C.<\/strong><\/p><\/div><\/div><\/div>\n\n\n\n<div class=\"wp-block-getwid-content-timeline-item has-card-right\"><div class=\"wp-block-getwid-content-timeline-item__wrapper\"><div class=\"wp-block-getwid-content-timeline-item__card\"><div class=\"wp-block-getwid-content-timeline-item__card-wrapper\"><div class=\"wp-block-getwid-content-timeline-item__image-wrapper\"><img loading=\"lazy\" decoding=\"async\" width=\"904\" height=\"590\" class=\"wp-block-getwid-content-timeline-item__image wp-image-2864\" src=\"https:\/\/ladunedupilat.com\/wp-content\/uploads\/2021\/07\/PHOTO-5.jpg\" alt=\"-\" srcset=\"https:\/\/ladunedupilat.com\/wp-content\/uploads\/2021\/07\/PHOTO-5.jpg 904w, https:\/\/ladunedupilat.com\/wp-content\/uploads\/2021\/07\/PHOTO-5-300x196.jpg 300w, https:\/\/ladunedupilat.com\/wp-content\/uploads\/2021\/07\/PHOTO-5-768x501.jpg 768w, https:\/\/ladunedupilat.com\/wp-content\/uploads\/2021\/07\/PHOTO-5-16x10.jpg 16w\" sizes=\"auto, (max-width: 904px) 100vw, 904px\" \/><\/div><div class=\"wp-block-getwid-content-timeline-item__content-wrapper\" style=\"padding-top:0px\"><div class=\"wp-block-getwid-content-timeline-item__mobile-meta\"><p class=\"wp-block-getwid-content-timeline-item__meta-content\"><strong>Alrededor de 1860 d.C.<\/strong><\/p><\/div>\n<p class=\"tw-mt-2\" style=\"font-size:15px;line-height:1.4\"><em>Restos del intento del siglo XIX de arreglar la duna de Pilat<\/em><\/p>\n\n\n\n<p class=\"undefined uag-hide-desktop uag-hide-tab uag-hide-desktop uag-hide-tab\"><strong>Alrededor de 1860 d.C.<\/strong><\/p>\n\n\n\n<p class=\"tw-mt-6\">Bajo el efecto de la erosi\u00f3n marina y el avance del litoral hacia tierra, la vegetaci\u00f3n que cubr\u00eda la duna desapareci\u00f3 hacia 1860, y la duna de La Grave volvi\u00f3 a moverse. Una nueva duna entierra a la anterior: la <strong>duna de Pilat<\/strong>.<\/p>\n\n\n\n<p class=\"tw-mt-6\">M. Clavel describe este fen\u00f3meno en un art\u00edculo de 1887: \u201cAl este de Banc d&#039;Arguin, asistimos actualmente a la formaci\u00f3n de una nueva duna que envuelve bajo la arena pinares de 15 m de altura\u201d.<\/p>\n<\/div><\/div><\/div><div class=\"wp-block-getwid-content-timeline-item__point\" data-point-color=\"#691D17\"><div class=\"wp-block-getwid-content-timeline-item__point-content\"><\/div><\/div><div class=\"wp-block-getwid-content-timeline-item__meta\"><p class=\"wp-block-getwid-content-timeline-item__meta-content\"><strong>Alrededor de 1860 d.C.<\/strong><\/p><\/div><\/div><\/div>\n<\/div><\/div>\n\n\n\n<div style=\"height:100px\" aria-hidden=\"true\" class=\"wp-block-spacer\"><\/div>","protected":false},"excerpt":{"rendered":"<p>Pero, \u00bfc\u00f3mo surgi\u00f3 la duna de Pilat? La acumulaci\u00f3n de arena se ha producido de forma discontinua en el tiempo, en 5 fases durante los \u00faltimos 4000 a\u00f1os.<\/p>","protected":false},"author":8,"featured_media":1800,"parent":280,"menu_order":1,"comment_status":"closed","ping_status":"closed","template":"templates\/template-full-width.php","meta":{"_acf_changed":false,"_uag_custom_page_level_css":"","footnotes":""},"class_list":["post-298","page","type-page","status-publish","has-post-thumbnail","hentry"],"acf":[],"uagb_featured_image_src":{"full":["https:\/\/ladunedupilat.com\/wp-content\/uploads\/2021\/05\/entete-reconstitution.jpg",1600,800,false],"thumbnail":["https:\/\/ladunedupilat.com\/wp-content\/uploads\/2021\/05\/entete-reconstitution-150x150.jpg",150,150,true],"medium":["https:\/\/ladunedupilat.com\/wp-content\/uploads\/2021\/05\/entete-reconstitution-300x150.jpg",300,150,true],"medium_large":["https:\/\/ladunedupilat.com\/wp-content\/uploads\/2021\/05\/entete-reconstitution-768x384.jpg",580,290,true],"large":["https:\/\/ladunedupilat.com\/wp-content\/uploads\/2021\/05\/entete-reconstitution-1024x512.jpg",580,290,true],"1536x1536":["https:\/\/ladunedupilat.com\/wp-content\/uploads\/2021\/05\/entete-reconstitution-1536x768.jpg",1536,768,true],"2048x2048":["https:\/\/ladunedupilat.com\/wp-content\/uploads\/2021\/05\/entete-reconstitution.jpg",1600,800,false],"trp-custom-language-flag":["https:\/\/ladunedupilat.com\/wp-content\/uploads\/2021\/05\/entete-reconstitution-16x8.jpg",16,8,true],"post-thumbnail":["https:\/\/ladunedupilat.com\/wp-content\/uploads\/2021\/05\/entete-reconstitution-1200x600.jpg",1200,600,true],"twentytwenty-fullscreen":["https:\/\/ladunedupilat.com\/wp-content\/uploads\/2021\/05\/entete-reconstitution.jpg",1600,800,false]},"uagb_author_info":{"display_name":"communication@ladunedupilat.com","author_link":"https:\/\/ladunedupilat.com\/es\/author\/communicationladunedupilat-com\/"},"uagb_comment_info":0,"uagb_excerpt":"Mais comment la dune du Pilat s\u2019est-elle form\u00e9e ? L\u2019accumulation de sable s\u2019est effectu\u00e9e de fa\u00e7on discontinue au fil du temps, selon 5 phases durant les 4000 derni\u00e8res ann\u00e9es.","_links":{"self":[{"href":"https:\/\/ladunedupilat.com\/es\/wp-json\/wp\/v2\/pages\/298","targetHints":{"allow":["GET"]}}],"collection":[{"href":"https:\/\/ladunedupilat.com\/es\/wp-json\/wp\/v2\/pages"}],"about":[{"href":"https:\/\/ladunedupilat.com\/es\/wp-json\/wp\/v2\/types\/page"}],"author":[{"embeddable":true,"href":"https:\/\/ladunedupilat.com\/es\/wp-json\/wp\/v2\/users\/8"}],"replies":[{"embeddable":true,"href":"https:\/\/ladunedupilat.com\/es\/wp-json\/wp\/v2\/comments?post=298"}],"version-history":[{"count":1,"href":"https:\/\/ladunedupilat.com\/es\/wp-json\/wp\/v2\/pages\/298\/revisions"}],"predecessor-version":[{"id":27286,"href":"https:\/\/ladunedupilat.com\/es\/wp-json\/wp\/v2\/pages\/298\/revisions\/27286"}],"up":[{"embeddable":true,"href":"https:\/\/ladunedupilat.com\/es\/wp-json\/wp\/v2\/pages\/280"}],"wp:featuredmedia":[{"embeddable":true,"href":"https:\/\/ladunedupilat.com\/es\/wp-json\/wp\/v2\/media\/1800"}],"wp:attachment":[{"href":"https:\/\/ladunedupilat.com\/es\/wp-json\/wp\/v2\/media?parent=298"}],"curies":[{"name":"gracias","href":"https:\/\/api.w.org\/{rel}","templated":true}]}}