{"id":416,"date":"2021-03-03T08:41:42","date_gmt":"2021-03-03T07:41:42","guid":{"rendered":"https:\/\/ladunedupilat.com\/?page_id=416"},"modified":"2025-10-31T16:48:25","modified_gmt":"2025-10-31T15:48:25","slug":"alrededor","status":"publish","type":"page","link":"https:\/\/ladunedupilat.com\/es\/les-activites\/aux-alentours\/","title":{"rendered":"Alrededor"},"content":{"rendered":"<p>Ya sea que est\u00e9s en la cima de la <strong>Faro de Cap Ferret<\/strong>, a la <strong>Muelle de Moulleau<\/strong> o incluso en Audenge \u2013 en <strong>caminar hasta el Domaine de Strat\u00e9gie y Graveyron<\/strong> \u2013 Ver\u00e1s el contorno de la Duna en el paisaje del <strong>Bah\u00eda de Arcachon<\/strong>\u2026<\/p>\n\n\n\n<p>Despu\u00e9s de haber explorado las laderas arenosas del Gran Sitio, contin\u00faa tu experiencia, profundiza tu <strong>conocimiento del territorio<\/strong>, de su <strong>historia<\/strong> y es <strong>habitantes<\/strong> al descubrir su <strong>recursos naturales<\/strong> y su <strong>herencia<\/strong>&nbsp;!<\/p>\n\n\n<div class=\"wp-block-image\">\n<figure class=\"aligncenter size-large\"><img loading=\"lazy\" decoding=\"async\" width=\"960\" height=\"1024\" src=\"https:\/\/ladunedupilat.com\/wp-content\/uploads\/2023\/12\/Carte_Bassin_Arcachon-e1701686069147-960x1024.jpg\" alt=\"-\" class=\"wp-image-25603\" srcset=\"https:\/\/ladunedupilat.com\/wp-content\/uploads\/2023\/12\/Carte_Bassin_Arcachon-e1701686069147-960x1024.jpg 960w, https:\/\/ladunedupilat.com\/wp-content\/uploads\/2023\/12\/Carte_Bassin_Arcachon-e1701686069147-281x300.jpg 281w, https:\/\/ladunedupilat.com\/wp-content\/uploads\/2023\/12\/Carte_Bassin_Arcachon-e1701686069147-768x819.jpg 768w, https:\/\/ladunedupilat.com\/wp-content\/uploads\/2023\/12\/Carte_Bassin_Arcachon-e1701686069147-11x12.jpg 11w, https:\/\/ladunedupilat.com\/wp-content\/uploads\/2023\/12\/Carte_Bassin_Arcachon-e1701686069147-1200x1280.jpg 1200w, https:\/\/ladunedupilat.com\/wp-content\/uploads\/2023\/12\/Carte_Bassin_Arcachon-e1701686069147.jpg 1205w\" sizes=\"auto, (max-width: 960px) 100vw, 960px\" \/><\/figure>\n<\/div>\n\n\n<div class=\"wp-block-media-text is-stacked-on-mobile is-vertically-aligned-center\" style=\"grid-template-columns:49% auto\"><figure class=\"wp-block-media-text__media\"><img loading=\"lazy\" decoding=\"async\" width=\"1024\" height=\"683\" src=\"https:\/\/ladunedupilat.com\/wp-content\/uploads\/2023\/12\/IMG_8342-1024x683.jpg\" alt=\"-\" class=\"wp-image-25605 size-full\" srcset=\"https:\/\/ladunedupilat.com\/wp-content\/uploads\/2023\/12\/IMG_8342-1024x683.jpg 1024w, https:\/\/ladunedupilat.com\/wp-content\/uploads\/2023\/12\/IMG_8342-300x200.jpg 300w, https:\/\/ladunedupilat.com\/wp-content\/uploads\/2023\/12\/IMG_8342-768x512.jpg 768w, https:\/\/ladunedupilat.com\/wp-content\/uploads\/2023\/12\/IMG_8342-1536x1024.jpg 1536w, https:\/\/ladunedupilat.com\/wp-content\/uploads\/2023\/12\/IMG_8342-2048x1365.jpg 2048w, https:\/\/ladunedupilat.com\/wp-content\/uploads\/2023\/12\/IMG_8342-18x12.jpg 18w, https:\/\/ladunedupilat.com\/wp-content\/uploads\/2023\/12\/IMG_8342-1200x800.jpg 1200w, https:\/\/ladunedupilat.com\/wp-content\/uploads\/2023\/12\/IMG_8342-1980x1320.jpg 1980w\" sizes=\"auto, (max-width: 1024px) 100vw, 1024px\" \/><\/figure><div class=\"wp-block-media-text__content\">\n<p><strong>La Reserva Natural Nacional Banc d&#039;Arguin<\/strong><\/p>\n\n\n\n<p>Situado frente a la Duna de Pilat, el <strong>Reserva Natural Nacional Banc d&#039;Arguin<\/strong> Abarca todos los islotes arenosos que se forman a la entrada de la cuenca de Arcachon, entre la punta de Cap Ferret y el continente, as\u00ed como la parte mar\u00edtima comprendida alrededor de estos islotes.<\/p>\n\n\n\n<p>Inseparable de la Duna por su ubicaci\u00f3n y la historia de su formaci\u00f3n, la Reserva Natural cubre hoy casi <strong>4.360 hect\u00e1reas<\/strong>, sus archipi\u00e9lagos son surgidos y colonizados por una flora propia de los ambientes costeros del suroeste con la presencia <strong>de especies protegidas<\/strong> como la <strong>lino de sapo con hojas de tomillo<\/strong> y la <strong>hierba marina<\/strong>. Esta vegetaci\u00f3n dunar la convierte en un importante lugar de <strong>anidaci\u00f3n de aves protegidas<\/strong> como el charr\u00e1n s\u00e1ndwich, el ostrero o el chorlito anillado. La reserva tambi\u00e9n es un sitio importante para muchas especies migratorias y invernantes.<\/p>\n\n\n\n<p class=\"has-text-align-left\">En consecuencia, <strong>parte de la reserva est\u00e1 cerrada a los visitantes<\/strong>, para garantizar la tranquilidad de las especies presentes en el sitio. Sin embargo, podr\u00e1 descubrir los espacios abiertos al p\u00fablico, interactuar con los apasionados agentes de la reserva y participar en las visitas guiadas propuestas en colaboraci\u00f3n con el Gran Sitio de la Duna de Pilat.<\/p>\n\n\n\n<div class=\"wp-block-uagb-buttons uagb-buttons__outer-wrap uagb-btn__default-btn uagb-btn-tablet__default-btn uagb-btn-mobile__default-btn uagb-block-2a112be2\"><div class=\"uagb-buttons__wrap uagb-buttons-layout-wrap\">\n<div class=\"wp-block-uagb-buttons-child uagb-buttons__outer-wrap uagb-block-565e93a8 wp-block-button\"><div class=\"uagb-button__wrapper\"><a class=\"uagb-buttons-repeater wp-block-button__link\" aria-label=\"\" href=\"https:\/\/www.sepanso.org\/nos-missions\/la-reserve-naturelle-du-banc-darguin\/\" rel=\"follow noopener\" target=\"_self\" role=\"button\"><div class=\"uagb-button__link\">M\u00c1S INFORMACI\u00d3N<\/div><\/a><\/div><\/div>\n<\/div><\/div>\n<\/div><\/div>\n\n\n\n<div class=\"wp-block-media-text has-media-on-the-right is-stacked-on-mobile\"><div class=\"wp-block-media-text__content\">\n<p><strong>La Reserva Ornitol\u00f3gica del Teich<\/strong><\/p>\n\n\n\n<p>Situado en el mismo corredor migratorio que la Duna de Pilat y la Reserva Nacional del Banco de Arguin, el <strong>Reserva Ornitol\u00f3gica Teich<\/strong> Tambi\u00e9n es una visita obligada durante su visita. Es un <strong>espacio natural excepcional<\/strong>, dise\u00f1ado para acoger aves silvestres y facilitar su observaci\u00f3n. Espere de 3 a 4 horas para completar el circuito de 6 kil\u00f3metros y observar una o m\u00e1s especies de aves entre las 343 registradas en la reserva hasta la fecha.<\/p>\n\n\n\n<p>20 casetas de observaci\u00f3n cerradas delimitan el recorrido en los lugares m\u00e1s favorables para la observaci\u00f3n de aves. Distribuidas aproximadamente cada 300 m, permiten una visita c\u00f3moda sea cual sea el tiempo (lluvia, fr\u00edo, calor). 4 miradores elevados ofrecen una vista del <strong>paisajes<\/strong> de la Reserva Ornitol\u00f3gica y sus alrededores. Tambi\u00e9n son excelentes posiciones para observar el <strong>migraci\u00f3n activa<\/strong>. La reserva est\u00e1 abierta los 364 d\u00edas del a\u00f1o.<\/p>\n\n\n\n<p>\u00a1Ven a recoger tu cup\u00f3n de descuento en el Punto de Informaci\u00f3n de la Duna de Pilat y benef\u00edciate de un descuento en tu entrada de adulto!<\/p>\n\n\n\n<p>A la entrada de la Reserva Ornitol\u00f3gica, no se pierda la visita a la Maison de la Nature du Bassin d&#039;Arcachon, que constituye una importante parada en el coraz\u00f3n de la <strong>Parque Natural Regional de las Landas de Gascu\u00f1a (PNR).<\/strong><\/p>\n\n\n\n<div class=\"wp-block-uagb-buttons uagb-buttons__outer-wrap uagb-btn__default-btn uagb-btn-tablet__default-btn uagb-btn-mobile__default-btn uagb-block-204f0306\"><div class=\"uagb-buttons__wrap uagb-buttons-layout-wrap\">\n<div class=\"wp-block-uagb-buttons-child uagb-buttons__outer-wrap uagb-block-60981c99 wp-block-button\"><div class=\"uagb-button__wrapper\"><a class=\"uagb-buttons-repeater wp-block-button__link\" aria-label=\"\" href=\"https:\/\/www.reserve-ornithologique-du-teich.com\/\" rel=\"follow noopener\" target=\"_self\" role=\"button\"><div class=\"uagb-button__link\">M\u00c1S INFORMACI\u00d3N<\/div><\/a><\/div><\/div>\n<\/div><\/div>\n<\/div><figure class=\"wp-block-media-text__media\"><img loading=\"lazy\" decoding=\"async\" width=\"1024\" height=\"768\" src=\"https:\/\/ladunedupilat.com\/wp-content\/uploads\/2023\/12\/IMG_20220409_175215-1024x768.jpg\" alt=\"-\" class=\"wp-image-25613 size-full\" srcset=\"https:\/\/ladunedupilat.com\/wp-content\/uploads\/2023\/12\/IMG_20220409_175215-1024x768.jpg 1024w, https:\/\/ladunedupilat.com\/wp-content\/uploads\/2023\/12\/IMG_20220409_175215-300x225.jpg 300w, https:\/\/ladunedupilat.com\/wp-content\/uploads\/2023\/12\/IMG_20220409_175215-768x576.jpg 768w, https:\/\/ladunedupilat.com\/wp-content\/uploads\/2023\/12\/IMG_20220409_175215-1536x1152.jpg 1536w, https:\/\/ladunedupilat.com\/wp-content\/uploads\/2023\/12\/IMG_20220409_175215-2048x1536.jpg 2048w, https:\/\/ladunedupilat.com\/wp-content\/uploads\/2023\/12\/IMG_20220409_175215-16x12.jpg 16w, https:\/\/ladunedupilat.com\/wp-content\/uploads\/2023\/12\/IMG_20220409_175215-1200x900.jpg 1200w, https:\/\/ladunedupilat.com\/wp-content\/uploads\/2023\/12\/IMG_20220409_175215-1980x1485.jpg 1980w\" sizes=\"auto, (max-width: 1024px) 100vw, 1024px\" \/><\/figure><\/div>\n\n\n\n<div class=\"wp-block-media-text is-stacked-on-mobile\"><figure class=\"wp-block-media-text__media\"><img loading=\"lazy\" decoding=\"async\" width=\"768\" height=\"1024\" src=\"https:\/\/ladunedupilat.com\/wp-content\/uploads\/2023\/12\/IMG_20211003_182036-768x1024.jpg\" alt=\"-\" class=\"wp-image-25616 size-full\" srcset=\"https:\/\/ladunedupilat.com\/wp-content\/uploads\/2023\/12\/IMG_20211003_182036-768x1024.jpg 768w, https:\/\/ladunedupilat.com\/wp-content\/uploads\/2023\/12\/IMG_20211003_182036-225x300.jpg 225w, https:\/\/ladunedupilat.com\/wp-content\/uploads\/2023\/12\/IMG_20211003_182036-1152x1536.jpg 1152w, https:\/\/ladunedupilat.com\/wp-content\/uploads\/2023\/12\/IMG_20211003_182036-1536x2048.jpg 1536w, https:\/\/ladunedupilat.com\/wp-content\/uploads\/2023\/12\/IMG_20211003_182036-9x12.jpg 9w, https:\/\/ladunedupilat.com\/wp-content\/uploads\/2023\/12\/IMG_20211003_182036-1200x1600.jpg 1200w, https:\/\/ladunedupilat.com\/wp-content\/uploads\/2023\/12\/IMG_20211003_182036-1980x2640.jpg 1980w, https:\/\/ladunedupilat.com\/wp-content\/uploads\/2023\/12\/IMG_20211003_182036-scaled.jpg 1920w\" sizes=\"auto, (max-width: 768px) 100vw, 768px\" \/><\/figure><div class=\"wp-block-media-text__content\">\n<p><strong>La Isla de Malprat \u2013 El puerto de Azulejos<\/strong><\/p>\n\n\n\n<p>Situada en la desembocadura del delta del Leyre, la isla de Malprat estaba formada originalmente por praderas saladas antes de ser explotada para la producci\u00f3n de sal, luego para la piscicultura y la agricultura. <strong>Propiedad del Conservatorio del Litoral<\/strong> Desde 2002, ofrece al visitante la particularidad de ser una curiosa mezcla entre ambientes dulces (prados alimentados por agua de lluvia) y salados (cuencas alimentadas principalmente por agua de mar).<br>El visitante camina as\u00ed por los prados y llega al nivel de los antiguos estanques. Adem\u00e1s de ofrecer una vista impresionante de la cuenca de Arcachon, la isla de Malprat constituye un <strong>paisaje<\/strong> t\u00edpico de las zonas de diques del delta del Leyre.<\/p>\n\n\n\n<div class=\"wp-block-uagb-buttons uagb-buttons__outer-wrap uagb-btn__default-btn uagb-btn-tablet__default-btn uagb-btn-mobile__default-btn uagb-block-170805cb\"><div class=\"uagb-buttons__wrap uagb-buttons-layout-wrap\">\n<div class=\"wp-block-uagb-buttons-child uagb-buttons__outer-wrap uagb-block-48e4ab4a wp-block-button\"><div class=\"uagb-button__wrapper\"><a class=\"uagb-buttons-repeater wp-block-button__link\" aria-label=\"\" href=\"#https:\/\/www.conservatoire-du-littoral.fr\/siteLittoral\/387\/28-ile-de-malprat-port-des-tuiles-33_gironde.htm\" rel=\"follow noopener\" target=\"_self\" role=\"button\"><div class=\"uagb-button__link\">M\u00c1S INFORMACI\u00d3N<\/div><\/a><\/div><\/div>\n<\/div><\/div>\n<\/div><\/div>\n\n\n\n<div class=\"wp-block-media-text has-media-on-the-right is-stacked-on-mobile\"><div class=\"wp-block-media-text__content\">\n<p><strong>El Domaine de Cadeau y Graveyron<\/strong><\/p>\n\n\n\n<p>El Domaine de Cadeau y Graveyron, <strong>propiedad del Conservatorio Costero<\/strong>, es un espacio natural \u00fanico de 530 hect\u00e1reas en el coraz\u00f3n de la cuenca de Arcachon, en los municipios de Audenge y Lanton.<\/p>\n\n\n\n<p>Esta zona, moldeada por la mano del hombre, ha tenido usos agr\u00edcolas, salineros, pesqueros y forestales. Ofrece un <strong>paisaje excepcional<\/strong> fincas con diques, estanques de peces y prados h\u00famedos.<\/p>\n\n\n\n<p>Este espacio es hogar de muchas poblaciones. <strong>De p\u00e1jaros<\/strong> durante todo el a\u00f1o, incluidas determinadas especies raras y protegidas.<\/p>\n\n\n\n<p>Gestionado desde 1989 por la <strong>Departamento de Gironda<\/strong>, el sitio est\u00e1 abierto todo el a\u00f1o y ofrece 2 circuitos de senderismo, de 6 y 12 km. Lleva calzado c\u00f3modo, binoculares y botella de agua para visitar libremente la zona. Disfrute tambi\u00e9n de visitas guiadas y actividades supervisadas por los gu\u00edas naturalistas del sitio.<\/p>\n\n\n\n<div class=\"wp-block-uagb-buttons uagb-buttons__outer-wrap uagb-btn__default-btn uagb-btn-tablet__default-btn uagb-btn-mobile__default-btn uagb-block-cc76d8ac\"><div class=\"uagb-buttons__wrap uagb-buttons-layout-wrap\">\n<div class=\"wp-block-uagb-buttons-child uagb-buttons__outer-wrap uagb-block-bc0c7ca3 wp-block-button\"><div class=\"uagb-button__wrapper\"><a class=\"uagb-buttons-repeater wp-block-button__link\" aria-label=\"\" href=\"https:\/\/www.gironde.fr\/domaine-de-certes-et-graveyron\" rel=\"follow noopener\" target=\"_self\" role=\"button\"><div class=\"uagb-button__link\">M\u00c1S INFORMACI\u00d3N<\/div><\/a><\/div><\/div>\n<\/div><\/div>\n<\/div><figure class=\"wp-block-media-text__media\"><img loading=\"lazy\" decoding=\"async\" width=\"1024\" height=\"1024\" src=\"https:\/\/ladunedupilat.com\/wp-content\/uploads\/2025\/10\/1080x1080-DomaineDeCertes-ExpoPlume-030720252-002-1024x1024.png\" alt=\"-\" class=\"wp-image-27460 size-full\" srcset=\"https:\/\/ladunedupilat.com\/wp-content\/uploads\/2025\/10\/1080x1080-DomaineDeCertes-ExpoPlume-030720252-002-1024x1024.png 1024w, https:\/\/ladunedupilat.com\/wp-content\/uploads\/2025\/10\/1080x1080-DomaineDeCertes-ExpoPlume-030720252-002-300x300.png 300w, https:\/\/ladunedupilat.com\/wp-content\/uploads\/2025\/10\/1080x1080-DomaineDeCertes-ExpoPlume-030720252-002-150x150.png 150w, https:\/\/ladunedupilat.com\/wp-content\/uploads\/2025\/10\/1080x1080-DomaineDeCertes-ExpoPlume-030720252-002-768x768.png 768w, https:\/\/ladunedupilat.com\/wp-content\/uploads\/2025\/10\/1080x1080-DomaineDeCertes-ExpoPlume-030720252-002-12x12.png 12w, https:\/\/ladunedupilat.com\/wp-content\/uploads\/2025\/10\/1080x1080-DomaineDeCertes-ExpoPlume-030720252-002.png 1080w\" sizes=\"auto, (max-width: 1024px) 100vw, 1024px\" \/><\/figure><\/div>\n\n\n\n<div class=\"wp-block-media-text is-stacked-on-mobile\"><figure class=\"wp-block-media-text__media\"><img loading=\"lazy\" decoding=\"async\" width=\"1024\" height=\"1015\" src=\"https:\/\/ladunedupilat.com\/wp-content\/uploads\/2023\/12\/Desert-des-pres-sales-Office-de-Tourisme-dAres-Aurelie-Lartigue_jpeg-1024x1015.jpg\" alt=\"-\" class=\"wp-image-25651 size-full\" srcset=\"https:\/\/ladunedupilat.com\/wp-content\/uploads\/2023\/12\/Desert-des-pres-sales-Office-de-Tourisme-dAres-Aurelie-Lartigue_jpeg-1024x1015.jpg 1024w, https:\/\/ladunedupilat.com\/wp-content\/uploads\/2023\/12\/Desert-des-pres-sales-Office-de-Tourisme-dAres-Aurelie-Lartigue_jpeg-300x297.jpg 300w, https:\/\/ladunedupilat.com\/wp-content\/uploads\/2023\/12\/Desert-des-pres-sales-Office-de-Tourisme-dAres-Aurelie-Lartigue_jpeg-150x150.jpg 150w, https:\/\/ladunedupilat.com\/wp-content\/uploads\/2023\/12\/Desert-des-pres-sales-Office-de-Tourisme-dAres-Aurelie-Lartigue_jpeg-768x761.jpg 768w, https:\/\/ladunedupilat.com\/wp-content\/uploads\/2023\/12\/Desert-des-pres-sales-Office-de-Tourisme-dAres-Aurelie-Lartigue_jpeg-12x12.jpg 12w, https:\/\/ladunedupilat.com\/wp-content\/uploads\/2023\/12\/Desert-des-pres-sales-Office-de-Tourisme-dAres-Aurelie-Lartigue_jpeg.jpg 1080w\" sizes=\"auto, (max-width: 1024px) 100vw, 1024px\" \/><\/figure><div class=\"wp-block-media-text__content\">\n<p><strong>La Reserva Natural Nacional de las Praderas Saladas de Ar\u00e8s y L\u00e8ge<\/strong><\/p>\n\n\n\n<p>Continuando con el descubrimiento de las maravillas naturales del territorio, no te pierdas, m\u00e1s al norte, la visita al <strong>Reserva Natural Nacional de las Praderas Saladas de Ar\u00e8s y L\u00e8ge<\/strong>. Esta reserva de 330 hect\u00e1reas, de las cuales 200 son praderas saladas, tiene la particularidad de estar sujeta a la doble influencia del agua salada, a trav\u00e9s del juego de las mareas, y del agua dulce procedente de los lagos del M\u00e9doc a trav\u00e9s del Canal de los Etangs.<\/p>\n\n\n\n<p>La continuidad ecol\u00f3gica de los entornos naturales, desde el mar hasta el bosque (marismas, praderas saladas, dobladillos de dunas, dunas boscosas, bosques), se preserva y confiere a este sitio un valor excepcional, tanto a nivel nacional como local. Los paisajes, ubicados en entornos que han cambiado poco o nada desde finales del siglo XIX, recapitulan la historia misma de la laguna, desde antes de su ocupaci\u00f3n humana hasta su desarrollo y explotaci\u00f3n.<\/p>\n\n\n\n<p>La reserva alberga h\u00e1bitats para m\u00e1s de 250 especies de plantas, m\u00e1s de 170 especies de aves y no menos de 11 especies de peces. Tambi\u00e9n sirve de refugio a muchos reptiles (como el gal\u00e1pago europeo), anfibios, insectos y mam\u00edferos (en particular, la nutria europea).<\/p>\n\n\n\n<div class=\"wp-block-uagb-buttons uagb-buttons__outer-wrap uagb-btn__default-btn uagb-btn-tablet__default-btn uagb-btn-mobile__default-btn uagb-block-6153da2c\"><div class=\"uagb-buttons__wrap uagb-buttons-layout-wrap\">\n<div class=\"wp-block-uagb-buttons-child uagb-buttons__outer-wrap uagb-block-43deede7 wp-block-button\"><div class=\"uagb-button__wrapper\"><a class=\"uagb-buttons-repeater wp-block-button__link\" aria-label=\"\" href=\"#https:\/\/www.reserve-naturelle-pres-sales.org\/\" rel=\"follow noopener\" target=\"_self\" role=\"button\"><div class=\"uagb-button__link\">M\u00c1S INFORMACI\u00d3N<\/div><\/a><\/div><\/div>\n<\/div><\/div>\n<\/div><\/div>\n\n\n\n<div class=\"wp-block-media-text has-media-on-the-right is-stacked-on-mobile\"><div class=\"wp-block-media-text__content\">\n<p><strong>El faro de Cap Ferret<\/strong><\/p>\n\n\n\n<p>Una visita al faro de Cap Ferret le permitir\u00e1 disfrutar de una vista excepcional de la Duna de Pilat, la entrada y el interior de la bah\u00eda de Arcachon, el oc\u00e9ano y la pen\u00ednsula. Por supuesto, tendr\u00e1s que subir los 258 escalones, pero descubrir\u00e1s un panorama impresionante.<\/p>\n\n\n\n<p>La <strong>Faro de Cap Ferret<\/strong> Es un elemento importante del paisaje de la pen\u00ednsula. <strong>Se\u00f1ala la entrada a la cuenca de Arcachon desde el oc\u00e9ano y contribuye a la seguridad mar\u00edtima.<\/strong><\/p>\n\n\n\n<p>M\u00e1s all\u00e1 de sus funciones t\u00e9cnicas, tambi\u00e9n es un <strong>monumento arquitect\u00f3nico<\/strong> que atrae cada a\u00f1o a numerosos visitantes intrigados por lo que simboliza y lo que ofrece: un magn\u00edfico panorama de tierra y agua a m\u00e1s de 57 metros de altitud. 6 espacios interactivos te permitir\u00e1n completar tu visita.<\/p>\n\n\n\n<div class=\"wp-block-uagb-buttons uagb-buttons__outer-wrap uagb-btn__default-btn uagb-btn-tablet__default-btn uagb-btn-mobile__default-btn uagb-block-f47ec230\"><div class=\"uagb-buttons__wrap uagb-buttons-layout-wrap\">\n<div class=\"wp-block-uagb-buttons-child uagb-buttons__outer-wrap uagb-block-b258b308 wp-block-button\"><div class=\"uagb-button__wrapper\"><a class=\"uagb-buttons-repeater wp-block-button__link\" aria-label=\"\" href=\"#https:\/\/phareducapferret.com\" rel=\"follow noopener\" target=\"_self\" role=\"button\"><div class=\"uagb-button__link\">M\u00c1S INFORMACI\u00d3N<\/div><\/a><\/div><\/div>\n<\/div><\/div>\n<\/div><figure class=\"wp-block-media-text__media\"><img loading=\"lazy\" decoding=\"async\" width=\"1024\" height=\"681\" src=\"https:\/\/ladunedupilat.com\/wp-content\/uploads\/2023\/12\/Phare_Cap_Ferret-1024x681.jpg\" alt=\"-\" class=\"wp-image-25652 size-full\" srcset=\"https:\/\/ladunedupilat.com\/wp-content\/uploads\/2023\/12\/Phare_Cap_Ferret-1024x681.jpg 1024w, https:\/\/ladunedupilat.com\/wp-content\/uploads\/2023\/12\/Phare_Cap_Ferret-300x200.jpg 300w, https:\/\/ladunedupilat.com\/wp-content\/uploads\/2023\/12\/Phare_Cap_Ferret-768x511.jpg 768w, https:\/\/ladunedupilat.com\/wp-content\/uploads\/2023\/12\/Phare_Cap_Ferret-1536x1022.jpg 1536w, https:\/\/ladunedupilat.com\/wp-content\/uploads\/2023\/12\/Phare_Cap_Ferret-2048x1362.jpg 2048w, https:\/\/ladunedupilat.com\/wp-content\/uploads\/2023\/12\/Phare_Cap_Ferret-18x12.jpg 18w, https:\/\/ladunedupilat.com\/wp-content\/uploads\/2023\/12\/Phare_Cap_Ferret-1200x798.jpg 1200w, https:\/\/ladunedupilat.com\/wp-content\/uploads\/2023\/12\/Phare_Cap_Ferret-1980x1317.jpg 1980w\" sizes=\"auto, (max-width: 1024px) 100vw, 1024px\" \/><\/figure><\/div>\n\n\n\n<div class=\"wp-block-media-text is-stacked-on-mobile\"><figure class=\"wp-block-media-text__media\"><img loading=\"lazy\" decoding=\"async\" width=\"1024\" height=\"683\" src=\"https:\/\/ladunedupilat.com\/wp-content\/uploads\/2023\/12\/IMG_5357-1024x683.jpg\" alt=\"-\" class=\"wp-image-25620 size-full\" srcset=\"https:\/\/ladunedupilat.com\/wp-content\/uploads\/2023\/12\/IMG_5357-1024x683.jpg 1024w, https:\/\/ladunedupilat.com\/wp-content\/uploads\/2023\/12\/IMG_5357-300x200.jpg 300w, https:\/\/ladunedupilat.com\/wp-content\/uploads\/2023\/12\/IMG_5357-768x512.jpg 768w, https:\/\/ladunedupilat.com\/wp-content\/uploads\/2023\/12\/IMG_5357-1536x1024.jpg 1536w, https:\/\/ladunedupilat.com\/wp-content\/uploads\/2023\/12\/IMG_5357-2048x1365.jpg 2048w, https:\/\/ladunedupilat.com\/wp-content\/uploads\/2023\/12\/IMG_5357-18x12.jpg 18w, https:\/\/ladunedupilat.com\/wp-content\/uploads\/2023\/12\/IMG_5357-1200x800.jpg 1200w, https:\/\/ladunedupilat.com\/wp-content\/uploads\/2023\/12\/IMG_5357-1980x1320.jpg 1980w\" sizes=\"auto, (max-width: 1024px) 100vw, 1024px\" \/><\/figure><div class=\"wp-block-media-text__content\">\n<p><strong>El Ecomuseo Marqu\u00e8ze<\/strong><\/p>\n\n\n\n<p>Otra etapa importante del Parque Natural Regional de las Landas de Gascu\u00f1a, <strong>el ecomuseo Marqu\u00e8ze <\/strong>Completar\u00e1 perfectamente su descubrimiento hist\u00f3rico del territorio. Es uno de los primeros ecomuseos de Francia. Su misi\u00f3n es conservar, estudiar y transmitir el patrimonio de la <strong>Gran terreno<\/strong> reconstruyendo el entorno de vida de sus habitantes en el siglo XIX.<\/p>\n\n\n\n<p>Hace 150 a\u00f1os, esta original sociedad de pastores-campesinos estaba en tal simbiosis con su entorno que desapareci\u00f3 cuando el p\u00e1ramo dio paso al bosque. Marqu\u00e8ze cuenta la historia de este v\u00ednculo \u00fanico entre una sociedad y su entorno, sus consecuencias econ\u00f3micas, culturales o sociales en uno de los museos al aire libre m\u00e1s grandes de Francia.<\/p>\n\n\n\n<p>Adaptada y recomendada para familias, la visita al ecomuseo comienza con un viaje en tren, \u00fanica forma de acceder al barrio de Marqu\u00e8ze. El sitio est\u00e1 abierto al p\u00fablico del 1 de abril al 31 de octubre.<\/p>\n\n\n\n<p><strong>\u00a1Ven a recoger tu cup\u00f3n de descuento en el Punto de Informaci\u00f3n de la Duna de Pilat y benef\u00edciate de un descuento en tu entrada de adulto!<\/strong><\/p>\n\n\n\n<div class=\"wp-block-uagb-buttons uagb-buttons__outer-wrap uagb-btn__default-btn uagb-btn-tablet__default-btn uagb-btn-mobile__default-btn uagb-block-1e86ff9b\"><div class=\"uagb-buttons__wrap uagb-buttons-layout-wrap\">\n<div class=\"wp-block-uagb-buttons-child uagb-buttons__outer-wrap uagb-block-cedd4258 wp-block-button\"><div class=\"uagb-button__wrapper\"><a class=\"uagb-buttons-repeater wp-block-button__link\" aria-label=\"\" href=\"#https:\/\/www.marqueze.fr\/\" rel=\"follow noopener\" target=\"_self\" role=\"button\"><div class=\"uagb-button__link\">M\u00c1S INFORMACI\u00d3N<\/div><\/a><\/div><\/div>\n<\/div><\/div>\n<\/div><\/div>\n\n\n\n<div class=\"wp-block-media-text has-media-on-the-right is-stacked-on-mobile\"><div class=\"wp-block-media-text__content\">\n<p><strong>Los Saucats \u2013 Reserva natural geol\u00f3gica de La Br\u00e8de<\/strong><\/p>\n\n\n\n<p>La <strong>excavaciones arqueol\u00f3gicas del suelo de Aquitania<\/strong> demostr\u00f3 la presencia de un oc\u00e9ano hace varios millones de a\u00f1os. Estas excavaciones permitieron detectar esta presencia en los paleosuelos de la Gran Duna del Pilat, pero especialmente en el pueblo de Saucats La Br\u00e8de, una zona clasificada desde <strong>Reserva natural geol\u00f3gica<\/strong>. Situada a unos veinte kil\u00f3metros al sur de Burdeos, la reserva, <strong>primer sitio geol\u00f3gico natural en Francia<\/strong>, protege <strong>rocas y f\u00f3siles<\/strong> M\u00e1s de 20 millones de a\u00f1os, visibles en siete sitios, repartidos en 80 hect\u00e1reas. Puede descubrir este sitio \u00fanico en Gironda visitando la Maison de la R\u00e9serve por su cuenta, pero tambi\u00e9n reservando con antelaci\u00f3n una de las visitas guiadas que ofrece el equipo de mediaci\u00f3n, de mayo a septiembre.<\/p>\n\n\n\n<div class=\"wp-block-uagb-buttons uagb-buttons__outer-wrap uagb-btn__default-btn uagb-btn-tablet__default-btn uagb-btn-mobile__default-btn uagb-block-548e8b2f\"><div class=\"uagb-buttons__wrap uagb-buttons-layout-wrap\">\n<div class=\"wp-block-uagb-buttons-child uagb-buttons__outer-wrap uagb-block-45db2e44 wp-block-button\"><div class=\"uagb-button__wrapper\"><a class=\"uagb-buttons-repeater wp-block-button__link\" aria-label=\"\" href=\"#https:\/\/www.rngsaucats-fossiles.fr\/\" rel=\"follow noopener\" target=\"_self\" role=\"button\"><div class=\"uagb-button__link\">M\u00c1S INFORMACI\u00d3N<\/div><\/a><\/div><\/div>\n<\/div><\/div>\n<\/div><figure class=\"wp-block-media-text__media\"><img loading=\"lazy\" decoding=\"async\" width=\"1024\" height=\"1024\" src=\"https:\/\/ladunedupilat.com\/wp-content\/uploads\/2023\/12\/Site_Pont_Pourquey_Credit_RNG_Saucats_La_Brede-1024x1024.jpg\" alt=\"-\" class=\"wp-image-25654 size-full\" srcset=\"https:\/\/ladunedupilat.com\/wp-content\/uploads\/2023\/12\/Site_Pont_Pourquey_Credit_RNG_Saucats_La_Brede-1024x1024.jpg 1024w, https:\/\/ladunedupilat.com\/wp-content\/uploads\/2023\/12\/Site_Pont_Pourquey_Credit_RNG_Saucats_La_Brede-300x300.jpg 300w, https:\/\/ladunedupilat.com\/wp-content\/uploads\/2023\/12\/Site_Pont_Pourquey_Credit_RNG_Saucats_La_Brede-150x150.jpg 150w, https:\/\/ladunedupilat.com\/wp-content\/uploads\/2023\/12\/Site_Pont_Pourquey_Credit_RNG_Saucats_La_Brede-768x768.jpg 768w, https:\/\/ladunedupilat.com\/wp-content\/uploads\/2023\/12\/Site_Pont_Pourquey_Credit_RNG_Saucats_La_Brede-12x12.jpg 12w, https:\/\/ladunedupilat.com\/wp-content\/uploads\/2023\/12\/Site_Pont_Pourquey_Credit_RNG_Saucats_La_Brede.jpg 1026w\" sizes=\"auto, (max-width: 1024px) 100vw, 1024px\" \/><\/figure><\/div>\n\n\n\n<div class=\"wp-block-media-text is-stacked-on-mobile\"><figure class=\"wp-block-media-text__media\"><img loading=\"lazy\" decoding=\"async\" width=\"1024\" height=\"683\" src=\"https:\/\/ladunedupilat.com\/wp-content\/uploads\/2023\/12\/Musee_Aquitaine_credit_L_Gauthier_Mairie_Bordeaux-1024x683.jpg\" alt=\"-\" class=\"wp-image-25653 size-full\" srcset=\"https:\/\/ladunedupilat.com\/wp-content\/uploads\/2023\/12\/Musee_Aquitaine_credit_L_Gauthier_Mairie_Bordeaux-1024x683.jpg 1024w, https:\/\/ladunedupilat.com\/wp-content\/uploads\/2023\/12\/Musee_Aquitaine_credit_L_Gauthier_Mairie_Bordeaux-300x200.jpg 300w, https:\/\/ladunedupilat.com\/wp-content\/uploads\/2023\/12\/Musee_Aquitaine_credit_L_Gauthier_Mairie_Bordeaux-768x512.jpg 768w, https:\/\/ladunedupilat.com\/wp-content\/uploads\/2023\/12\/Musee_Aquitaine_credit_L_Gauthier_Mairie_Bordeaux-1536x1024.jpg 1536w, https:\/\/ladunedupilat.com\/wp-content\/uploads\/2023\/12\/Musee_Aquitaine_credit_L_Gauthier_Mairie_Bordeaux-2048x1365.jpg 2048w, https:\/\/ladunedupilat.com\/wp-content\/uploads\/2023\/12\/Musee_Aquitaine_credit_L_Gauthier_Mairie_Bordeaux-18x12.jpg 18w, https:\/\/ladunedupilat.com\/wp-content\/uploads\/2023\/12\/Musee_Aquitaine_credit_L_Gauthier_Mairie_Bordeaux-1200x800.jpg 1200w, https:\/\/ladunedupilat.com\/wp-content\/uploads\/2023\/12\/Musee_Aquitaine_credit_L_Gauthier_Mairie_Bordeaux-1980x1320.jpg 1980w\" sizes=\"auto, (max-width: 1024px) 100vw, 1024px\" \/><\/figure><div class=\"wp-block-media-text__content\">\n<p><strong>El Museo de Aquitania (Burdeos)<\/strong><\/p>\n\n\n\n<p>Situado dentro de un monumento de Burdeos, el antiguo Palacio de Facultades, el Museo de Aquitania, con sus importantes colecciones, vestigios <strong>la historia de Burdeos y Aquitania<\/strong>, desde la Prehistoria hasta el siglo XXI<sup>mi<\/sup> siglo. Denominado Museo de Francia, es uno de los museos de historia m\u00e1s grandes de Francia y completar\u00e1 el descubrimiento del territorio y sus <strong>herencia<\/strong>.<\/p>\n\n\n\n<p>Los nueve espacios de la planta baja est\u00e1n dedicados a la arqueolog\u00eda, la prehistoria y la \u00e9poca galorromana, pero tambi\u00e9n a la Edad Media y al Renacimiento. En el suelo del museo, el visitante explora los 18<sup>mi<\/sup> y el 19<sup>mi<\/sup> siglo y concluir\u00e1 su visita con los \u00faltimos espacios inaugurados, dedicados a la \u00e9poca contempor\u00e1nea de Burdeos y su regi\u00f3n. La visita al museo es divertida, educativa y adaptada a grandes y peque\u00f1os.<\/p>\n\n\n\n<div class=\"wp-block-uagb-buttons uagb-buttons__outer-wrap uagb-btn__default-btn uagb-btn-tablet__default-btn uagb-btn-mobile__default-btn uagb-block-164eff8b\"><div class=\"uagb-buttons__wrap uagb-buttons-layout-wrap\">\n<div class=\"wp-block-uagb-buttons-child uagb-buttons__outer-wrap uagb-block-269a3b36 wp-block-button\"><div class=\"uagb-button__wrapper\"><a class=\"uagb-buttons-repeater wp-block-button__link\" aria-label=\"\" href=\"#https:\/\/www.musee-aquitaine-bordeaux.fr\/\" rel=\"follow noopener\" target=\"_self\" role=\"button\"><div class=\"uagb-button__link\">M\u00c1S INFORMACI\u00d3N<\/div><\/a><\/div><\/div>\n<\/div><\/div>\n<\/div><\/div>\n\n\n\n<figure class=\"wp-block-gallery has-nested-images columns-default is-cropped wp-block-gallery-1 is-layout-flex wp-block-gallery-is-layout-flex\">\n<figure class=\"wp-block-image size-large\"><img loading=\"lazy\" decoding=\"async\" width=\"1024\" height=\"768\" data-id=\"25630\" src=\"https:\/\/ladunedupilat.com\/wp-content\/uploads\/2023\/12\/Bruyere-1024x768.jpg\" alt=\"-\" class=\"wp-image-25630\" srcset=\"https:\/\/ladunedupilat.com\/wp-content\/uploads\/2023\/12\/Bruyere-1024x768.jpg 1024w, https:\/\/ladunedupilat.com\/wp-content\/uploads\/2023\/12\/Bruyere-300x225.jpg 300w, https:\/\/ladunedupilat.com\/wp-content\/uploads\/2023\/12\/Bruyere-768x576.jpg 768w, https:\/\/ladunedupilat.com\/wp-content\/uploads\/2023\/12\/Bruyere-1536x1152.jpg 1536w, https:\/\/ladunedupilat.com\/wp-content\/uploads\/2023\/12\/Bruyere-2048x1536.jpg 2048w, https:\/\/ladunedupilat.com\/wp-content\/uploads\/2023\/12\/Bruyere-16x12.jpg 16w, https:\/\/ladunedupilat.com\/wp-content\/uploads\/2023\/12\/Bruyere-1200x900.jpg 1200w, https:\/\/ladunedupilat.com\/wp-content\/uploads\/2023\/12\/Bruyere-1980x1485.jpg 1980w\" sizes=\"auto, (max-width: 1024px) 100vw, 1024px\" \/><\/figure>\n\n\n\n<figure class=\"wp-block-image size-large\"><img loading=\"lazy\" decoding=\"async\" width=\"1024\" height=\"768\" data-id=\"25628\" src=\"https:\/\/ladunedupilat.com\/wp-content\/uploads\/2023\/12\/Enfant-1024x768.jpg\" alt=\"-\" class=\"wp-image-25628\" srcset=\"https:\/\/ladunedupilat.com\/wp-content\/uploads\/2023\/12\/Enfant-1024x768.jpg 1024w, https:\/\/ladunedupilat.com\/wp-content\/uploads\/2023\/12\/Enfant-300x225.jpg 300w, https:\/\/ladunedupilat.com\/wp-content\/uploads\/2023\/12\/Enfant-768x576.jpg 768w, https:\/\/ladunedupilat.com\/wp-content\/uploads\/2023\/12\/Enfant-1536x1152.jpg 1536w, https:\/\/ladunedupilat.com\/wp-content\/uploads\/2023\/12\/Enfant-2048x1536.jpg 2048w, https:\/\/ladunedupilat.com\/wp-content\/uploads\/2023\/12\/Enfant-16x12.jpg 16w, https:\/\/ladunedupilat.com\/wp-content\/uploads\/2023\/12\/Enfant-1200x900.jpg 1200w, https:\/\/ladunedupilat.com\/wp-content\/uploads\/2023\/12\/Enfant-1980x1485.jpg 1980w\" sizes=\"auto, (max-width: 1024px) 100vw, 1024px\" \/><\/figure>\n\n\n\n<figure class=\"wp-block-image size-large\"><img loading=\"lazy\" decoding=\"async\" width=\"1024\" height=\"683\" data-id=\"25626\" src=\"https:\/\/ladunedupilat.com\/wp-content\/uploads\/2023\/12\/Ile_oiseaux-1024x683.jpg\" alt=\"-\" class=\"wp-image-25626\" srcset=\"https:\/\/ladunedupilat.com\/wp-content\/uploads\/2023\/12\/Ile_oiseaux-1024x683.jpg 1024w, https:\/\/ladunedupilat.com\/wp-content\/uploads\/2023\/12\/Ile_oiseaux-300x200.jpg 300w, https:\/\/ladunedupilat.com\/wp-content\/uploads\/2023\/12\/Ile_oiseaux-768x512.jpg 768w, https:\/\/ladunedupilat.com\/wp-content\/uploads\/2023\/12\/Ile_oiseaux-1536x1024.jpg 1536w, https:\/\/ladunedupilat.com\/wp-content\/uploads\/2023\/12\/Ile_oiseaux-2048x1365.jpg 2048w, https:\/\/ladunedupilat.com\/wp-content\/uploads\/2023\/12\/Ile_oiseaux-18x12.jpg 18w, https:\/\/ladunedupilat.com\/wp-content\/uploads\/2023\/12\/Ile_oiseaux-1200x800.jpg 1200w, https:\/\/ladunedupilat.com\/wp-content\/uploads\/2023\/12\/Ile_oiseaux-1980x1320.jpg 1980w\" sizes=\"auto, (max-width: 1024px) 100vw, 1024px\" \/><\/figure>\n\n\n\n<figure class=\"wp-block-image size-large\"><img loading=\"lazy\" decoding=\"async\" width=\"1024\" height=\"683\" data-id=\"25632\" src=\"https:\/\/ladunedupilat.com\/wp-content\/uploads\/2023\/12\/IMG_5354-1024x683.jpg\" alt=\"-\" class=\"wp-image-25632\" srcset=\"https:\/\/ladunedupilat.com\/wp-content\/uploads\/2023\/12\/IMG_5354-1024x683.jpg 1024w, https:\/\/ladunedupilat.com\/wp-content\/uploads\/2023\/12\/IMG_5354-300x200.jpg 300w, https:\/\/ladunedupilat.com\/wp-content\/uploads\/2023\/12\/IMG_5354-768x512.jpg 768w, https:\/\/ladunedupilat.com\/wp-content\/uploads\/2023\/12\/IMG_5354-1536x1024.jpg 1536w, https:\/\/ladunedupilat.com\/wp-content\/uploads\/2023\/12\/IMG_5354-2048x1365.jpg 2048w, https:\/\/ladunedupilat.com\/wp-content\/uploads\/2023\/12\/IMG_5354-18x12.jpg 18w, https:\/\/ladunedupilat.com\/wp-content\/uploads\/2023\/12\/IMG_5354-1200x800.jpg 1200w, https:\/\/ladunedupilat.com\/wp-content\/uploads\/2023\/12\/IMG_5354-1980x1320.jpg 1980w\" sizes=\"auto, (max-width: 1024px) 100vw, 1024px\" \/><\/figure>\n\n\n\n<figure class=\"wp-block-image size-large\"><img loading=\"lazy\" decoding=\"async\" width=\"1024\" height=\"683\" data-id=\"25629\" src=\"https:\/\/ladunedupilat.com\/wp-content\/uploads\/2023\/12\/IMG_5355-1024x683.jpg\" alt=\"-\" class=\"wp-image-25629\" srcset=\"https:\/\/ladunedupilat.com\/wp-content\/uploads\/2023\/12\/IMG_5355-1024x683.jpg 1024w, https:\/\/ladunedupilat.com\/wp-content\/uploads\/2023\/12\/IMG_5355-300x200.jpg 300w, https:\/\/ladunedupilat.com\/wp-content\/uploads\/2023\/12\/IMG_5355-768x512.jpg 768w, https:\/\/ladunedupilat.com\/wp-content\/uploads\/2023\/12\/IMG_5355-1536x1024.jpg 1536w, https:\/\/ladunedupilat.com\/wp-content\/uploads\/2023\/12\/IMG_5355-2048x1365.jpg 2048w, https:\/\/ladunedupilat.com\/wp-content\/uploads\/2023\/12\/IMG_5355-18x12.jpg 18w, https:\/\/ladunedupilat.com\/wp-content\/uploads\/2023\/12\/IMG_5355-1200x800.jpg 1200w, https:\/\/ladunedupilat.com\/wp-content\/uploads\/2023\/12\/IMG_5355-1980x1320.jpg 1980w\" sizes=\"auto, (max-width: 1024px) 100vw, 1024px\" \/><\/figure>\n\n\n\n<figure class=\"wp-block-image size-large\"><img loading=\"lazy\" decoding=\"async\" width=\"683\" height=\"1024\" data-id=\"25634\" src=\"https:\/\/ladunedupilat.com\/wp-content\/uploads\/2023\/12\/IMG_5362-683x1024.jpg\" alt=\"-\" class=\"wp-image-25634\" srcset=\"https:\/\/ladunedupilat.com\/wp-content\/uploads\/2023\/12\/IMG_5362-683x1024.jpg 683w, https:\/\/ladunedupilat.com\/wp-content\/uploads\/2023\/12\/IMG_5362-200x300.jpg 200w, https:\/\/ladunedupilat.com\/wp-content\/uploads\/2023\/12\/IMG_5362-768x1152.jpg 768w, https:\/\/ladunedupilat.com\/wp-content\/uploads\/2023\/12\/IMG_5362-1024x1536.jpg 1024w, https:\/\/ladunedupilat.com\/wp-content\/uploads\/2023\/12\/IMG_5362-1365x2048.jpg 1365w, https:\/\/ladunedupilat.com\/wp-content\/uploads\/2023\/12\/IMG_5362-8x12.jpg 8w, https:\/\/ladunedupilat.com\/wp-content\/uploads\/2023\/12\/IMG_5362-1200x1800.jpg 1200w, https:\/\/ladunedupilat.com\/wp-content\/uploads\/2023\/12\/IMG_5362-1980x2970.jpg 1980w, https:\/\/ladunedupilat.com\/wp-content\/uploads\/2023\/12\/IMG_5362-scaled.jpg 1707w\" sizes=\"auto, (max-width: 683px) 100vw, 683px\" \/><\/figure>\n\n\n\n<figure class=\"wp-block-image size-large\"><img loading=\"lazy\" decoding=\"async\" width=\"1024\" height=\"683\" data-id=\"25631\" src=\"https:\/\/ladunedupilat.com\/wp-content\/uploads\/2023\/12\/IMG_5369-1024x683.jpg\" alt=\"-\" class=\"wp-image-25631\" srcset=\"https:\/\/ladunedupilat.com\/wp-content\/uploads\/2023\/12\/IMG_5369-1024x683.jpg 1024w, https:\/\/ladunedupilat.com\/wp-content\/uploads\/2023\/12\/IMG_5369-300x200.jpg 300w, https:\/\/ladunedupilat.com\/wp-content\/uploads\/2023\/12\/IMG_5369-768x512.jpg 768w, https:\/\/ladunedupilat.com\/wp-content\/uploads\/2023\/12\/IMG_5369-1536x1024.jpg 1536w, https:\/\/ladunedupilat.com\/wp-content\/uploads\/2023\/12\/IMG_5369-2048x1365.jpg 2048w, https:\/\/ladunedupilat.com\/wp-content\/uploads\/2023\/12\/IMG_5369-18x12.jpg 18w, https:\/\/ladunedupilat.com\/wp-content\/uploads\/2023\/12\/IMG_5369-1200x800.jpg 1200w, https:\/\/ladunedupilat.com\/wp-content\/uploads\/2023\/12\/IMG_5369-1980x1320.jpg 1980w\" sizes=\"auto, (max-width: 1024px) 100vw, 1024px\" \/><\/figure>\n\n\n\n<figure class=\"wp-block-image size-large\"><img loading=\"lazy\" decoding=\"async\" width=\"1024\" height=\"683\" data-id=\"25633\" src=\"https:\/\/ladunedupilat.com\/wp-content\/uploads\/2023\/12\/IMG_5402-1024x683.jpg\" alt=\"-\" class=\"wp-image-25633\" srcset=\"https:\/\/ladunedupilat.com\/wp-content\/uploads\/2023\/12\/IMG_5402-1024x683.jpg 1024w, https:\/\/ladunedupilat.com\/wp-content\/uploads\/2023\/12\/IMG_5402-300x200.jpg 300w, https:\/\/ladunedupilat.com\/wp-content\/uploads\/2023\/12\/IMG_5402-768x512.jpg 768w, https:\/\/ladunedupilat.com\/wp-content\/uploads\/2023\/12\/IMG_5402-1536x1024.jpg 1536w, https:\/\/ladunedupilat.com\/wp-content\/uploads\/2023\/12\/IMG_5402-2048x1365.jpg 2048w, https:\/\/ladunedupilat.com\/wp-content\/uploads\/2023\/12\/IMG_5402-18x12.jpg 18w, https:\/\/ladunedupilat.com\/wp-content\/uploads\/2023\/12\/IMG_5402-1200x800.jpg 1200w, https:\/\/ladunedupilat.com\/wp-content\/uploads\/2023\/12\/IMG_5402-1980x1320.jpg 1980w\" sizes=\"auto, (max-width: 1024px) 100vw, 1024px\" \/><\/figure>\n\n\n\n<figure class=\"wp-block-image size-large\"><img loading=\"lazy\" decoding=\"async\" width=\"1024\" height=\"683\" data-id=\"25624\" src=\"https:\/\/ladunedupilat.com\/wp-content\/uploads\/2023\/12\/IMG_8307-1024x683.jpg\" alt=\"-\" class=\"wp-image-25624\" srcset=\"https:\/\/ladunedupilat.com\/wp-content\/uploads\/2023\/12\/IMG_8307-1024x683.jpg 1024w, https:\/\/ladunedupilat.com\/wp-content\/uploads\/2023\/12\/IMG_8307-300x200.jpg 300w, https:\/\/ladunedupilat.com\/wp-content\/uploads\/2023\/12\/IMG_8307-768x512.jpg 768w, https:\/\/ladunedupilat.com\/wp-content\/uploads\/2023\/12\/IMG_8307-1536x1024.jpg 1536w, https:\/\/ladunedupilat.com\/wp-content\/uploads\/2023\/12\/IMG_8307-2048x1365.jpg 2048w, https:\/\/ladunedupilat.com\/wp-content\/uploads\/2023\/12\/IMG_8307-18x12.jpg 18w, https:\/\/ladunedupilat.com\/wp-content\/uploads\/2023\/12\/IMG_8307-1200x800.jpg 1200w, https:\/\/ladunedupilat.com\/wp-content\/uploads\/2023\/12\/IMG_8307-1980x1320.jpg 1980w\" sizes=\"auto, (max-width: 1024px) 100vw, 1024px\" \/><\/figure>\n\n\n\n<figure class=\"wp-block-image size-large\"><img loading=\"lazy\" decoding=\"async\" width=\"1024\" height=\"683\" data-id=\"25622\" src=\"https:\/\/ladunedupilat.com\/wp-content\/uploads\/2023\/12\/IMG_8342-1-1024x683.jpg\" alt=\"-\" class=\"wp-image-25622\" srcset=\"https:\/\/ladunedupilat.com\/wp-content\/uploads\/2023\/12\/IMG_8342-1-1024x683.jpg 1024w, https:\/\/ladunedupilat.com\/wp-content\/uploads\/2023\/12\/IMG_8342-1-300x200.jpg 300w, https:\/\/ladunedupilat.com\/wp-content\/uploads\/2023\/12\/IMG_8342-1-768x512.jpg 768w, https:\/\/ladunedupilat.com\/wp-content\/uploads\/2023\/12\/IMG_8342-1-1536x1024.jpg 1536w, https:\/\/ladunedupilat.com\/wp-content\/uploads\/2023\/12\/IMG_8342-1-2048x1365.jpg 2048w, https:\/\/ladunedupilat.com\/wp-content\/uploads\/2023\/12\/IMG_8342-1-18x12.jpg 18w, https:\/\/ladunedupilat.com\/wp-content\/uploads\/2023\/12\/IMG_8342-1-1200x800.jpg 1200w, https:\/\/ladunedupilat.com\/wp-content\/uploads\/2023\/12\/IMG_8342-1-1980x1320.jpg 1980w\" sizes=\"auto, (max-width: 1024px) 100vw, 1024px\" \/><\/figure>\n\n\n\n<figure class=\"wp-block-image size-large\"><img loading=\"lazy\" decoding=\"async\" width=\"1024\" height=\"768\" data-id=\"25623\" src=\"https:\/\/ladunedupilat.com\/wp-content\/uploads\/2023\/12\/IMG_20211003_182013-1024x768.jpg\" alt=\"-\" class=\"wp-image-25623\" srcset=\"https:\/\/ladunedupilat.com\/wp-content\/uploads\/2023\/12\/IMG_20211003_182013-1024x768.jpg 1024w, https:\/\/ladunedupilat.com\/wp-content\/uploads\/2023\/12\/IMG_20211003_182013-300x225.jpg 300w, https:\/\/ladunedupilat.com\/wp-content\/uploads\/2023\/12\/IMG_20211003_182013-768x576.jpg 768w, https:\/\/ladunedupilat.com\/wp-content\/uploads\/2023\/12\/IMG_20211003_182013-1536x1152.jpg 1536w, https:\/\/ladunedupilat.com\/wp-content\/uploads\/2023\/12\/IMG_20211003_182013-2048x1536.jpg 2048w, https:\/\/ladunedupilat.com\/wp-content\/uploads\/2023\/12\/IMG_20211003_182013-16x12.jpg 16w, https:\/\/ladunedupilat.com\/wp-content\/uploads\/2023\/12\/IMG_20211003_182013-1200x900.jpg 1200w, https:\/\/ladunedupilat.com\/wp-content\/uploads\/2023\/12\/IMG_20211003_182013-1980x1485.jpg 1980w\" sizes=\"auto, (max-width: 1024px) 100vw, 1024px\" \/><\/figure>\n\n\n\n<figure class=\"wp-block-image size-large\"><img loading=\"lazy\" decoding=\"async\" width=\"1024\" height=\"768\" data-id=\"25625\" src=\"https:\/\/ladunedupilat.com\/wp-content\/uploads\/2023\/12\/IMG_20211003_183112-1-1024x768.jpg\" alt=\"-\" class=\"wp-image-25625\" srcset=\"https:\/\/ladunedupilat.com\/wp-content\/uploads\/2023\/12\/IMG_20211003_183112-1-1024x768.jpg 1024w, https:\/\/ladunedupilat.com\/wp-content\/uploads\/2023\/12\/IMG_20211003_183112-1-300x225.jpg 300w, https:\/\/ladunedupilat.com\/wp-content\/uploads\/2023\/12\/IMG_20211003_183112-1-768x576.jpg 768w, https:\/\/ladunedupilat.com\/wp-content\/uploads\/2023\/12\/IMG_20211003_183112-1-1536x1152.jpg 1536w, https:\/\/ladunedupilat.com\/wp-content\/uploads\/2023\/12\/IMG_20211003_183112-1-2048x1536.jpg 2048w, https:\/\/ladunedupilat.com\/wp-content\/uploads\/2023\/12\/IMG_20211003_183112-1-16x12.jpg 16w, https:\/\/ladunedupilat.com\/wp-content\/uploads\/2023\/12\/IMG_20211003_183112-1-1200x900.jpg 1200w, https:\/\/ladunedupilat.com\/wp-content\/uploads\/2023\/12\/IMG_20211003_183112-1-1980x1485.jpg 1980w\" sizes=\"auto, (max-width: 1024px) 100vw, 1024px\" \/><\/figure>\n\n\n\n<figure class=\"wp-block-image size-large\"><img loading=\"lazy\" decoding=\"async\" width=\"1024\" height=\"768\" data-id=\"25627\" src=\"https:\/\/ladunedupilat.com\/wp-content\/uploads\/2023\/12\/IMG_20220409_175215-1-1024x768.jpg\" alt=\"-\" class=\"wp-image-25627\" srcset=\"https:\/\/ladunedupilat.com\/wp-content\/uploads\/2023\/12\/IMG_20220409_175215-1-1024x768.jpg 1024w, https:\/\/ladunedupilat.com\/wp-content\/uploads\/2023\/12\/IMG_20220409_175215-1-300x225.jpg 300w, https:\/\/ladunedupilat.com\/wp-content\/uploads\/2023\/12\/IMG_20220409_175215-1-768x576.jpg 768w, https:\/\/ladunedupilat.com\/wp-content\/uploads\/2023\/12\/IMG_20220409_175215-1-1536x1152.jpg 1536w, https:\/\/ladunedupilat.com\/wp-content\/uploads\/2023\/12\/IMG_20220409_175215-1-2048x1536.jpg 2048w, https:\/\/ladunedupilat.com\/wp-content\/uploads\/2023\/12\/IMG_20220409_175215-1-16x12.jpg 16w, https:\/\/ladunedupilat.com\/wp-content\/uploads\/2023\/12\/IMG_20220409_175215-1-1200x900.jpg 1200w, https:\/\/ladunedupilat.com\/wp-content\/uploads\/2023\/12\/IMG_20220409_175215-1-1980x1485.jpg 1980w\" sizes=\"auto, (max-width: 1024px) 100vw, 1024px\" \/><\/figure>\n<\/figure>","protected":false},"excerpt":{"rendered":"<p>Ya sea en lo alto del faro de Cap Ferret, en el muelle de Moulleau o incluso en Audenge\u2026<\/p>","protected":false},"author":8,"featured_media":25635,"parent":341,"menu_order":4,"comment_status":"closed","ping_status":"closed","template":"templates\/template-full-width.php","meta":{"_acf_changed":false,"_uag_custom_page_level_css":"","footnotes":""},"class_list":["post-416","page","type-page","status-publish","has-post-thumbnail","hentry"],"acf":[],"uagb_featured_image_src":{"full":["https:\/\/ladunedupilat.com\/wp-content\/uploads\/2023\/12\/Dune_aletours-scaled-e1701699026795.jpg",2560,1143,false],"thumbnail":["https:\/\/ladunedupilat.com\/wp-content\/uploads\/2023\/12\/Dune_aletours-scaled-e1701699026795-150x150.jpg",150,150,true],"medium":["https:\/\/ladunedupilat.com\/wp-content\/uploads\/2023\/12\/Dune_aletours-scaled-e1701699026795-300x134.jpg",300,134,true],"medium_large":["https:\/\/ladunedupilat.com\/wp-content\/uploads\/2023\/12\/Dune_aletours-scaled-e1701699026795-768x343.jpg",580,259,true],"large":["https:\/\/ladunedupilat.com\/wp-content\/uploads\/2023\/12\/Dune_aletours-scaled-e1701699026795-1024x457.jpg",580,259,true],"1536x1536":["https:\/\/ladunedupilat.com\/wp-content\/uploads\/2023\/12\/Dune_aletours-scaled-e1701699026795-1536x686.jpg",1536,686,true],"2048x2048":["https:\/\/ladunedupilat.com\/wp-content\/uploads\/2023\/12\/Dune_aletours-scaled-e1701699026795-2048x914.jpg",2048,914,true],"trp-custom-language-flag":["https:\/\/ladunedupilat.com\/wp-content\/uploads\/2023\/12\/Dune_aletours-scaled-e1701699026795-18x8.jpg",18,8,true],"post-thumbnail":["https:\/\/ladunedupilat.com\/wp-content\/uploads\/2023\/12\/Dune_aletours-scaled-e1701699026795-1200x536.jpg",1200,536,true],"twentytwenty-fullscreen":["https:\/\/ladunedupilat.com\/wp-content\/uploads\/2023\/12\/Dune_aletours-scaled-e1701699026795-1980x884.jpg",1980,884,true]},"uagb_author_info":{"display_name":"communication@ladunedupilat.com","author_link":"https:\/\/ladunedupilat.com\/es\/author\/communicationladunedupilat-com\/"},"uagb_comment_info":0,"uagb_excerpt":"Que vous soyez en haut du Phare du Cap Ferret, \u00e0 la jet\u00e9e du Moulleau ou bien encore \u00e0 Audenge&hellip;","_links":{"self":[{"href":"https:\/\/ladunedupilat.com\/es\/wp-json\/wp\/v2\/pages\/416","targetHints":{"allow":["GET"]}}],"collection":[{"href":"https:\/\/ladunedupilat.com\/es\/wp-json\/wp\/v2\/pages"}],"about":[{"href":"https:\/\/ladunedupilat.com\/es\/wp-json\/wp\/v2\/types\/page"}],"author":[{"embeddable":true,"href":"https:\/\/ladunedupilat.com\/es\/wp-json\/wp\/v2\/users\/8"}],"replies":[{"embeddable":true,"href":"https:\/\/ladunedupilat.com\/es\/wp-json\/wp\/v2\/comments?post=416"}],"version-history":[{"count":14,"href":"https:\/\/ladunedupilat.com\/es\/wp-json\/wp\/v2\/pages\/416\/revisions"}],"predecessor-version":[{"id":27463,"href":"https:\/\/ladunedupilat.com\/es\/wp-json\/wp\/v2\/pages\/416\/revisions\/27463"}],"up":[{"embeddable":true,"href":"https:\/\/ladunedupilat.com\/es\/wp-json\/wp\/v2\/pages\/341"}],"wp:featuredmedia":[{"embeddable":true,"href":"https:\/\/ladunedupilat.com\/es\/wp-json\/wp\/v2\/media\/25635"}],"wp:attachment":[{"href":"https:\/\/ladunedupilat.com\/es\/wp-json\/wp\/v2\/media?parent=416"}],"curies":[{"name":"gracias","href":"https:\/\/api.w.org\/{rel}","templated":true}]}}