{"id":5,"date":"2021-02-11T14:37:51","date_gmt":"2021-02-11T13:37:51","guid":{"rendered":"https:\/\/ladunedupilat.com\/?page_id=5"},"modified":"2025-10-28T14:59:30","modified_gmt":"2025-10-28T13:59:30","slug":"crea-tu-sitio-con-bloques","status":"publish","type":"page","link":"https:\/\/ladunedupilat.com\/es\/","title":{"rendered":"bienvenida"},"content":{"rendered":"<div style=\"height:51px\" aria-hidden=\"true\" class=\"wp-block-spacer\"><\/div>\n\n\n\n<h2 class=\"wp-block-heading has-text-align-center tw-mb-0 moveTitre\"><strong>Palabra<\/strong> a los expertos<\/h2>\n\n\n\n<h3 class=\"wp-block-heading has-text-align-center tw-mt-0 moveTitre\">\u00a1Protege nuestro patrimonio natural!<\/h3>\n\n\n<div id=\"temoignage-block_1ef0f50418be2aee3035ff06e1c5354c\" class=\"temoignage alignfull\">\n    \t\t<div class=\"temoignages\">\n\t\t\t\t\t\t\t<div class=\"container\">\n\t\t\t\t\t<div class=\"bloc-tem\">\n\t\t\t\t\t<a href=\"https:\/\/ladunedupilat.com\/es\/yo-descubro\/voz-a-expertos\/#Gregoire\" title=\"David Gr\u00e9goire Profesor Universitario - Profesor en ISABTP e investigador en LFCR\">\n\t\t\t\t\t<div class=\"row\">\n\t\t\t\t\t\t<div class=\"\">\n\t\t\t\t\t\t\t<img decoding=\"async\" src=\"https:\/\/ladunedupilat.com\/wp-content\/uploads\/2025\/10\/20240328_152026-002-1-1011x1024.jpg\" class=\"\" alt=\"David Gr\u00e9goire Profesor Universitario - Profesor en ISABTP e investigador en LFCR\" aria-hidden=\"true\" title=\"Entrevista con David Gr\u00e9goire, catedr\u00e1tico universitario. Profesor del ISABTP (Instituto Superior de Edificaci\u00f3n y Obras P\u00fablicas de Aquitania), escuela de ingenier\u00eda especializada en ingenier\u00eda civil. Investigador del LFCR (Laboratorio de Fluidos Complejos y sus Yacimientos).\" loading=\"lazy\" width=\"150\" height=\"150\">\n\t\t\t\t\t\t<\/div>\n\t\t\t\t\t\t<div class=\"bloc-droite\">\n\t\t\t\t\t\t\t<p><span class=\"laquo\">&nbsp;<\/span>Entrevista con David Gr\u00e9goire, catedr\u00e1tico universitario. Profesor del ISABTP (Instituto Superior de Edificaci\u00f3n y Obras P\u00fablicas de Aquitania), escuela de ingenier\u00eda especializada en ingenier\u00eda civil. Investigador del LFCR (Laboratorio de Fluidos Complejos y sus Yacimientos).<span class=\"raquo\">&nbsp;<\/span><\/p>\n\t\t\t\t\t\t\t<h4>David Gregory<\/h4>\n\t\t\t\t\t\t\t<h5>Profesor Universitario \u2013 Profesor Titular en ISABTP e Investigador en LFCR<\/h5>\n\t\t\t\t\t\t<\/div>\n\t\t\t\t\t<\/div>\n\t\t\t\t\t<\/a>\n\t\t\t\t\t<\/div>\n\t\t\t\t<\/div>\n\t\t\t\t\n\t\t\t\t\t\t\t<div class=\"container\">\n\t\t\t\t\t<div class=\"bloc-tem\">\n\t\t\t\t\t<a href=\"https:\/\/\/ladunedupilat.com\/je-decouvre\/parole-aux-experts\/#Froidefond\" title=\"Jean-Marie Froidefond Geomorf\u00f3logo\">\n\t\t\t\t\t<div class=\"row\">\n\t\t\t\t\t\t<div class=\"\">\n\t\t\t\t\t\t\t<img decoding=\"async\" src=\"https:\/\/ladunedupilat.com\/wp-content\/uploads\/2024\/05\/014-1-scaled-e1714992124175-1020x1024.jpg\" class=\"\" alt=\"Jean-Marie Froidefond Geomorf\u00f3logo\" aria-hidden=\"true\" title=\"Entrevista a Jean-Marie Froidefond, geomorf\u00f3logo y ex investigador del CNRS (Centro Nacional de Investigaciones Cient\u00edficas) y del CNEXO (Centro Nacional para la Explotaci\u00f3n de los Oc\u00e9anos). Estudia la duna desde 1970. Tambi\u00e9n es autor del libro La Grande Dune du Pilat \u2013 Los misterios de la duna m\u00e1s alta de Europa.\" loading=\"lazy\" width=\"150\" height=\"150\">\n\t\t\t\t\t\t<\/div>\n\t\t\t\t\t\t<div class=\"bloc-droite\">\n\t\t\t\t\t\t\t<p><span class=\"laquo\">&nbsp;<\/span>Entrevista a Jean-Marie Froidefond, geomorf\u00f3logo y ex investigador del CNRS (Centro Nacional de Investigaciones Cient\u00edficas) y del CNEXO (Centro Nacional para la Explotaci\u00f3n de los Oc\u00e9anos). Estudia la duna desde 1970. Tambi\u00e9n es autor del libro La Grande Dune du Pilat \u2013 Los misterios de la duna m\u00e1s alta de Europa.<span class=\"raquo\">&nbsp;<\/span><\/p>\n\t\t\t\t\t\t\t<h4>Jean-Marie Froidefond<\/h4>\n\t\t\t\t\t\t\t<h5>Geomorf\u00f3logo<\/h5>\n\t\t\t\t\t\t<\/div>\n\t\t\t\t\t<\/div>\n\t\t\t\t\t<\/a>\n\t\t\t\t\t<\/div>\n\t\t\t\t<\/div>\n\t\t\t\t\n\t\t\t\t\t\t\t<div class=\"container\">\n\t\t\t\t\t<div class=\"bloc-tem\">\n\t\t\t\t\t<a href=\"https:\/\/ladunedupilat.com\/es\/yo-descubro\/voz-a-expertos\/#caillon\" title=\"Aur\u00e9lien Caillon Bot\u00e1nico, Conservatorio Bot\u00e1nico Nacional del Atl\u00e1ntico Sur\">\n\t\t\t\t\t<div class=\"row\">\n\t\t\t\t\t\t<div class=\"\">\n\t\t\t\t\t\t\t<img decoding=\"async\" src=\"https:\/\/ladunedupilat.com\/wp-content\/uploads\/2021\/03\/Aurelien-Caillon.jpg\" class=\"\" alt=\"Aur\u00e9lien Caillon Bot\u00e1nico, Conservatorio Bot\u00e1nico Nacional del Atl\u00e1ntico Sur\" aria-hidden=\"true\" title=\"Desde 2001, Aur\u00e9lien Caillon ha sido el referente bot\u00e1nico para el inventario de la flora de Gironde, as\u00ed como para las especies ex\u00f3ticas invasoras en Nueva Aquitania.\" loading=\"lazy\" width=\"150\" height=\"150\">\n\t\t\t\t\t\t<\/div>\n\t\t\t\t\t\t<div class=\"bloc-droite\">\n\t\t\t\t\t\t\t<p><span class=\"laquo\">&nbsp;<\/span>Desde 2001, Aur\u00e9lien Caillon ha sido el referente bot\u00e1nico para el inventario de la flora de Gironde, as\u00ed como para las especies ex\u00f3ticas invasoras en Nueva Aquitania.<span class=\"raquo\">&nbsp;<\/span><\/p>\n\t\t\t\t\t\t\t<h4>Aurelien Caillon<\/h4>\n\t\t\t\t\t\t\t<h5>Bot\u00e1nico, Conservatorio Bot\u00e1nico Nacional del Atl\u00e1ntico Sur<\/h5>\n\t\t\t\t\t\t<\/div>\n\t\t\t\t\t<\/div>\n\t\t\t\t\t<\/a>\n\t\t\t\t\t<\/div>\n\t\t\t\t<\/div>\n\t\t\t\t\n\t\t\t\t\t\t\t<div class=\"container\">\n\t\t\t\t\t<div class=\"bloc-tem\">\n\t\t\t\t\t<a href=\"https:\/\/\/ladunedupilat.com\/je-decouvre\/parole-aux-experts\/#madrid\" title=\"Nathalie Madrid Delegada de Rivage Aquitaine\">\n\t\t\t\t\t<div class=\"row\">\n\t\t\t\t\t\t<div class=\"\">\n\t\t\t\t\t\t\t<img decoding=\"async\" src=\"https:\/\/ladunedupilat.com\/wp-content\/uploads\/2021\/03\/Nathalie-Madrid-e1624272254456.jpg\" class=\"\" alt=\"Nathalie Madrid Delegada de Rivage Aquitaine\" aria-hidden=\"true\" title=\"Desde 2017, Nathalie Madrid se incorpora al Conservatoire du littoral, asumiendo la responsabilidad de la delegaci\u00f3n de Aquitania, que desde 1998 est\u00e1 comprometida con una pol\u00edtica de adquisici\u00f3n de terrenos para garantizar el mantenimiento del espacio p\u00fablico protegiendo permanentemente el Gran Sitio de la Duna de Pilat. .\" loading=\"lazy\" width=\"150\" height=\"150\">\n\t\t\t\t\t\t<\/div>\n\t\t\t\t\t\t<div class=\"bloc-droite\">\n\t\t\t\t\t\t\t<p><span class=\"laquo\">&nbsp;<\/span>Desde 2017, Nathalie Madrid se incorpora al Conservatoire du littoral, asumiendo la responsabilidad de la delegaci\u00f3n de Aquitania, que desde 1998 est\u00e1 comprometida con una pol\u00edtica de adquisici\u00f3n de terrenos para garantizar el mantenimiento del espacio p\u00fablico protegiendo permanentemente el Gran Sitio de la Duna de Pilat. .<span class=\"raquo\">&nbsp;<\/span><\/p>\n\t\t\t\t\t\t\t<h4>Nathalie Madrid<\/h4>\n\t\t\t\t\t\t\t<h5>Delegado de Rivage Aquitaine<\/h5>\n\t\t\t\t\t\t<\/div>\n\t\t\t\t\t<\/div>\n\t\t\t\t\t<\/a>\n\t\t\t\t\t<\/div>\n\t\t\t\t<\/div>\n\t\t\t\t\n\t\t\t\t\t\t\t<div class=\"container\">\n\t\t\t\t\t<div class=\"bloc-tem\">\n\t\t\t\t\t<a href=\"https:\/\/\/ladunedupilat.com\/je-decouvre\/parole-aux-experts\/#Follea\" title=\"Agencia de paisaje Bertrand Foll\u00e9a Foll\u00e9a-Gautier\">\n\t\t\t\t\t<div class=\"row\">\n\t\t\t\t\t\t<div class=\"\">\n\t\t\t\t\t\t\t<img decoding=\"async\" src=\"https:\/\/ladunedupilat.com\/wp-content\/uploads\/2021\/09\/Bertrand5-edited.jpg\" class=\"\" alt=\"Agencia de paisaje Bertrand Foll\u00e9a Foll\u00e9a-Gautier\" aria-hidden=\"true\" title=\"Desde 2018, despu\u00e9s de haber llevado a cabo una misi\u00f3n de experiencia en paisajismo a solicitud del Sindicato Mixto, Bertrand Foll\u00e9a ha apoyado, como paisajista consultor, al gerente del Gran Sitio en los principales proyectos de desarrollo durante las fases preoperativa y operativa y aporta su contribuci\u00f3n al pensamiento estrat\u00e9gico emprendido.\" loading=\"lazy\" width=\"150\" height=\"150\">\n\t\t\t\t\t\t<\/div>\n\t\t\t\t\t\t<div class=\"bloc-droite\">\n\t\t\t\t\t\t\t<p><span class=\"laquo\">&nbsp;<\/span>Desde 2018, despu\u00e9s de haber llevado a cabo una misi\u00f3n de experiencia en paisajismo a solicitud del Sindicato Mixto, Bertrand Foll\u00e9a ha apoyado, como paisajista consultor, al gerente del Gran Sitio en los principales proyectos de desarrollo durante las fases preoperativa y operativa y aporta su contribuci\u00f3n al pensamiento estrat\u00e9gico emprendido.<span class=\"raquo\">&nbsp;<\/span><\/p>\n\t\t\t\t\t\t\t<h4>Bertrand Follea<\/h4>\n\t\t\t\t\t\t\t<h5>Agencia de paisaje Foll\u00e9a-Gautier<\/h5>\n\t\t\t\t\t\t<\/div>\n\t\t\t\t\t<\/div>\n\t\t\t\t\t<\/a>\n\t\t\t\t\t<\/div>\n\t\t\t\t<\/div>\n\t\t\t\t\n\t\t\t\t\t\t\t<div class=\"container\">\n\t\t\t\t\t<div class=\"bloc-tem\">\n\t\t\t\t\t<a href=\"https:\/\/\/ladunedupilat.com\/je-decouvre\/parole-aux-experts\/#Bulteau\" title=\"Observatorio de la Costa de Nueva Aquitania Oficina de Investigaciones Geol\u00f3gicas y Mineras\">\n\t\t\t\t\t<div class=\"row\">\n\t\t\t\t\t\t<div class=\"\">\n\t\t\t\t\t\t\t<img decoding=\"async\" src=\"https:\/\/ladunedupilat.com\/wp-content\/uploads\/2023\/11\/admin-ajax.jpg\" class=\"\" alt=\"Observatorio de la Costa de Nueva Aquitania Oficina de Investigaciones Geol\u00f3gicas y Mineras\" aria-hidden=\"true\" title=\"Desde 2009, el Observatorio de la Costa de Nueva Aquitania es una herramienta de observaci\u00f3n, apoyo a las decisiones e intercambio de conocimientos para la gesti\u00f3n y prevenci\u00f3n de los riesgos de erosi\u00f3n e inmersi\u00f3n de la costa de Nueva Aquitania, en constante evoluci\u00f3n. Los ingenieros de riesgos costeros, especialistas en eventos extremos y geomorfolog\u00eda costera, trabajan para servir a todos los actores p\u00fablicos costeros.\" loading=\"lazy\" width=\"150\" height=\"150\">\n\t\t\t\t\t\t<\/div>\n\t\t\t\t\t\t<div class=\"bloc-droite\">\n\t\t\t\t\t\t\t<p><span class=\"laquo\">&nbsp;<\/span>Desde 2009, el Observatorio de la Costa de Nueva Aquitania es una herramienta de observaci\u00f3n, apoyo a las decisiones e intercambio de conocimientos para la gesti\u00f3n y prevenci\u00f3n de los riesgos de erosi\u00f3n e inmersi\u00f3n de la costa de Nueva Aquitania, en constante evoluci\u00f3n. Los ingenieros de riesgos costeros, especialistas en eventos extremos y geomorfolog\u00eda costera, trabajan para servir a todos los actores p\u00fablicos costeros.<span class=\"raquo\">&nbsp;<\/span><\/p>\n\t\t\t\t\t\t\t<h4>Nuevo Observatorio de la Costa de Aquitania<\/h4>\n\t\t\t\t\t\t\t<h5>Oficina de Investigaci\u00f3n Geol\u00f3gica y Minera<\/h5>\n\t\t\t\t\t\t<\/div>\n\t\t\t\t\t<\/div>\n\t\t\t\t\t<\/a>\n\t\t\t\t\t<\/div>\n\t\t\t\t<\/div>\n\t\t\t\t\n\t\t\t\t\t<\/div>\n\t<\/div>\n\n\n<h2 class=\"wp-block-heading has-text-align-center\"><strong>\u00a1La zona de recepci\u00f3n ha tenido un lavado de cara!<\/strong><\/h2>\n\n\n\n<p class=\"has-text-align-center\">El trabajo de recalificaci\u00f3n se llev\u00f3 a cabo con el apoyo financiero de:<\/p>\n\n\n\n<section class=\"wp-block-uagb-columns uagb-columns__wrap uagb-columns__background-none uagb-columns__stack-mobile uagb-columns__valign-center uagb-columns__gap-10 align uagb-block-f70c96cc uagb-columns__columns-4 uagb-columns__max_width-custom\"><div class=\"uagb-columns__overlay\"><\/div><div class=\"uagb-columns__inner-wrap uagb-columns__columns-4\">\n<div class=\"wp-block-uagb-column uagb-column__wrap uagb-column__background-undefined uagb-block-642c26e7\"><div class=\"uagb-column__overlay\"><\/div><div class=\"wp-block-image\">\n<figure class=\"aligncenter size-large is-resized\"><img loading=\"lazy\" decoding=\"async\" width=\"934\" height=\"1024\" src=\"https:\/\/ladunedupilat.com\/wp-content\/uploads\/2024\/01\/Logo-A_FEDER_Covid-934x1024.png\" alt=\"-\" class=\"wp-image-25681\" style=\"width:236px;height:auto\" srcset=\"https:\/\/ladunedupilat.com\/wp-content\/uploads\/2024\/01\/Logo-A_FEDER_Covid-934x1024.png 934w, https:\/\/ladunedupilat.com\/wp-content\/uploads\/2024\/01\/Logo-A_FEDER_Covid-274x300.png 274w, https:\/\/ladunedupilat.com\/wp-content\/uploads\/2024\/01\/Logo-A_FEDER_Covid-768x842.png 768w, https:\/\/ladunedupilat.com\/wp-content\/uploads\/2024\/01\/Logo-A_FEDER_Covid-11x12.png 11w, https:\/\/ladunedupilat.com\/wp-content\/uploads\/2024\/01\/Logo-A_FEDER_Covid.png 1182w\" sizes=\"auto, (max-width: 934px) 100vw, 934px\" \/><\/figure>\n<\/div><\/div>\n\n\n\n<div class=\"wp-block-uagb-column uagb-column__wrap uagb-column__background-undefined uagb-block-3a03c646\"><div class=\"uagb-column__overlay\"><\/div><div class=\"wp-block-image\">\n<figure class=\"aligncenter size-large\"><img loading=\"lazy\" decoding=\"async\" width=\"1024\" height=\"743\" src=\"https:\/\/ladunedupilat.com\/wp-content\/uploads\/2023\/01\/Ministere_de_la_Transition_ecologique.svg-1024x743.png\" alt=\"-\" class=\"wp-image-21172\" srcset=\"https:\/\/ladunedupilat.com\/wp-content\/uploads\/2023\/01\/Ministere_de_la_Transition_ecologique.svg-1024x743.png 1024w, https:\/\/ladunedupilat.com\/wp-content\/uploads\/2023\/01\/Ministere_de_la_Transition_ecologique.svg-300x218.png 300w, https:\/\/ladunedupilat.com\/wp-content\/uploads\/2023\/01\/Ministere_de_la_Transition_ecologique.svg-768x557.png 768w, https:\/\/ladunedupilat.com\/wp-content\/uploads\/2023\/01\/Ministere_de_la_Transition_ecologique.svg-1536x1115.png 1536w, https:\/\/ladunedupilat.com\/wp-content\/uploads\/2023\/01\/Ministere_de_la_Transition_ecologique.svg-2048x1486.png 2048w, https:\/\/ladunedupilat.com\/wp-content\/uploads\/2023\/01\/Ministere_de_la_Transition_ecologique.svg-18x12.png 18w, https:\/\/ladunedupilat.com\/wp-content\/uploads\/2023\/01\/Ministere_de_la_Transition_ecologique.svg-1200x871.png 1200w, https:\/\/ladunedupilat.com\/wp-content\/uploads\/2023\/01\/Ministere_de_la_Transition_ecologique.svg-1980x1437.png 1980w\" sizes=\"auto, (max-width: 1024px) 100vw, 1024px\" \/><\/figure>\n<\/div><\/div>\n\n\n\n<div class=\"wp-block-uagb-column uagb-column__wrap uagb-column__background-undefined uagb-block-6db7960b\"><div class=\"uagb-column__overlay\"><\/div><div class=\"wp-block-image\">\n<figure class=\"aligncenter size-large\"><img loading=\"lazy\" decoding=\"async\" width=\"1024\" height=\"475\" src=\"https:\/\/ladunedupilat.com\/wp-content\/uploads\/2023\/01\/logo_na_horiz_2019-1024x475.png\" alt=\"-\" class=\"wp-image-21170\" srcset=\"https:\/\/ladunedupilat.com\/wp-content\/uploads\/2023\/01\/logo_na_horiz_2019-1024x475.png 1024w, https:\/\/ladunedupilat.com\/wp-content\/uploads\/2023\/01\/logo_na_horiz_2019-300x139.png 300w, https:\/\/ladunedupilat.com\/wp-content\/uploads\/2023\/01\/logo_na_horiz_2019-768x356.png 768w, https:\/\/ladunedupilat.com\/wp-content\/uploads\/2023\/01\/logo_na_horiz_2019-18x8.png 18w, https:\/\/ladunedupilat.com\/wp-content\/uploads\/2023\/01\/logo_na_horiz_2019-1200x556.png 1200w, https:\/\/ladunedupilat.com\/wp-content\/uploads\/2023\/01\/logo_na_horiz_2019.png 1404w\" sizes=\"auto, (max-width: 1024px) 100vw, 1024px\" \/><\/figure>\n<\/div><\/div>\n\n\n\n<div class=\"wp-block-uagb-column uagb-column__wrap uagb-column__background-undefined uagb-block-77f71b7a\"><div class=\"uagb-column__overlay\"><\/div><div class=\"wp-block-image\">\n<figure class=\"aligncenter size-large\"><img loading=\"lazy\" decoding=\"async\" width=\"1024\" height=\"414\" src=\"https:\/\/ladunedupilat.com\/wp-content\/uploads\/2023\/01\/logo-gironde-2018-Q-1024x414.png\" alt=\"-\" class=\"wp-image-21171\" srcset=\"https:\/\/ladunedupilat.com\/wp-content\/uploads\/2023\/01\/logo-gironde-2018-Q-1024x414.png 1024w, https:\/\/ladunedupilat.com\/wp-content\/uploads\/2023\/01\/logo-gironde-2018-Q-300x121.png 300w, https:\/\/ladunedupilat.com\/wp-content\/uploads\/2023\/01\/logo-gironde-2018-Q-768x311.png 768w, https:\/\/ladunedupilat.com\/wp-content\/uploads\/2023\/01\/logo-gironde-2018-Q-18x7.png 18w, https:\/\/ladunedupilat.com\/wp-content\/uploads\/2023\/01\/logo-gironde-2018-Q.png 1149w\" sizes=\"auto, (max-width: 1024px) 100vw, 1024px\" \/><\/figure>\n<\/div><\/div>\n<\/div><\/section>\n\n\n\n<p class=\"has-text-align-left\"><em><strong>Participaci\u00f3n de FEDER en la financiaci\u00f3n de obras y desarrollos que contribuyan a una mejor gesti\u00f3n de los flujos de visitantes as\u00ed como a la separaci\u00f3n de usos, en torno a la rehabilitaci\u00f3n del caser\u00edo de caba\u00f1as, la mejora de la zona de recepci\u00f3n mediante tratamientos paisaj\u00edsticos y la creaci\u00f3n de un museo-escenograf\u00eda. recorrido.<\/strong><\/em><\/p>","protected":false},"excerpt":{"rendered":"<p>Palabra a los expertos \u00a1Protejamos nuestro patrimonio natural! \u00a1La zona de recepci\u00f3n ha tenido un lavado de cara! Las obras de recalificaci\u00f3n han\u2026<\/p>","protected":false},"author":8,"featured_media":0,"parent":0,"menu_order":0,"comment_status":"closed","ping_status":"closed","template":"templates\/template-home.php","meta":{"_acf_changed":false,"_uag_custom_page_level_css":"","footnotes":""},"class_list":["post-5","page","type-page","status-publish","hentry"],"acf":[],"uagb_featured_image_src":{"full":false,"thumbnail":false,"medium":false,"medium_large":false,"large":false,"1536x1536":false,"2048x2048":false,"trp-custom-language-flag":false,"post-thumbnail":false,"twentytwenty-fullscreen":false},"uagb_author_info":{"display_name":"communication@ladunedupilat.com","author_link":"https:\/\/ladunedupilat.com\/es\/author\/communicationladunedupilat-com\/"},"uagb_comment_info":0,"uagb_excerpt":"Parole aux experts Prot\u00e9geons notre patrimoine naturel ! L&rsquo;espace d&rsquo;accueil a fait peau neuve ! Les travaux de requalification ont&hellip;","_links":{"self":[{"href":"https:\/\/ladunedupilat.com\/es\/wp-json\/wp\/v2\/pages\/5","targetHints":{"allow":["GET"]}}],"collection":[{"href":"https:\/\/ladunedupilat.com\/es\/wp-json\/wp\/v2\/pages"}],"about":[{"href":"https:\/\/ladunedupilat.com\/es\/wp-json\/wp\/v2\/types\/page"}],"author":[{"embeddable":true,"href":"https:\/\/ladunedupilat.com\/es\/wp-json\/wp\/v2\/users\/8"}],"replies":[{"embeddable":true,"href":"https:\/\/ladunedupilat.com\/es\/wp-json\/wp\/v2\/comments?post=5"}],"version-history":[{"count":42,"href":"https:\/\/ladunedupilat.com\/es\/wp-json\/wp\/v2\/pages\/5\/revisions"}],"predecessor-version":[{"id":27447,"href":"https:\/\/ladunedupilat.com\/es\/wp-json\/wp\/v2\/pages\/5\/revisions\/27447"}],"wp:attachment":[{"href":"https:\/\/ladunedupilat.com\/es\/wp-json\/wp\/v2\/media?parent=5"}],"curies":[{"name":"gracias","href":"https:\/\/api.w.org\/{rel}","templated":true}]}}